{"id":3004290,"date":"2022-02-07T10:23:42","date_gmt":"2022-02-07T09:23:42","guid":{"rendered":"https:\/\/autokunz.ch\/?page_id=3004290"},"modified":"2025-07-28T11:10:49","modified_gmt":"2025-07-28T09:10:49","slug":"pneulagerung-im-reifenhotel","status":"publish","type":"page","link":"https:\/\/autokunz.ch\/service\/pneulagerung-im-reifenhotel\/","title":{"rendered":"Pneuwechsel und -lagerung"},"content":{"rendered":"\n<div class=\"wp-block-columns has-2-columns is-layout-flex wp-container-core-columns-is-layout-9d6595d7 wp-block-columns-is-layout-flex\">\n<div class=\"wp-block-column is-layout-flow wp-block-column-is-layout-flow\">\n<h2 class=\"wp-block-heading\">Rund um die vier R\u00e4der<\/h2>\n\n\n\n<h3 class=\"wp-block-heading\"><\/h3>\n\n\n\n<p>Reifen tragen wesentlich zur Verkehrssicherheit bei. Dabei sind der saisonale Wechsel, das Profil, die Gr\u00f6sse und der Reifendruck wesentliche Kriterien. Verl\u00e4ngern Sie die Lebensdauer der Reifen f\u00fcr Ihr Fahrzeug durch den fachm\u00e4nnischen Wechsel und die Lagerung in unserem Pneuhotel.<\/p>\n\n\n\n<h5 class=\"wp-block-heading\">Unsere Tarife<\/h5>\n\n\n\n<p>Einlagerung, Reifen pro Saison CHF 49.-<\/p>\n\n\n\n<p>Pneuwechsel CHF 128.-<\/p>\n\n\n\n<p>Radwechsel CHF 79.-<\/p>\n\n\n\n<p>Neukauf gem\u00e4ss individueller Offerte<\/p>\n\n\n\n<p>Buchen Sie noch heute einen Termin <a href=\"https:\/\/booking.autokunz.ch\/rm\/App\/Start\">online<\/a>.  <\/p>\n\n\n\n<p>Preise inkl. MwSt. und pro Fahrzeug<\/p>\n<\/div>\n\n\n\n<div class=\"wp-block-column is-layout-flow wp-block-column-is-layout-flow\">\n<div class=\"wp-block-columns has-2-columns is-layout-flex wp-container-core-columns-is-layout-9d6595d7 wp-block-columns-is-layout-flex\">\n<div class=\"wp-block-column is-layout-flow wp-block-column-is-layout-flow\"><div class=\"help-you text-box text-box--wide text-box--help-you h-100 d-flex flex-column \">\n        <h4 class=\"text-box__title text-center\">Lassen Sie sich beraten<\/h4>\n        <div class=\"row help-you__content-container\">\n            <div class=\"col-lg-6 help-you__image-container\">\n                <div class=\"text-box__avatar d-flex mx-auto mb-4 mb-lg-0\"\n                     style=\"background-image: url('https:\/\/autokunz.ch\/app\/uploads\/2022\/08\/anastasija-stankovic-auto-kunz-ag-5--help-you-avatar-1.jpg')\">\n                                            <img decoding=\"async\" src=\"https:\/\/autokunz.ch\/app\/uploads\/2022\/08\/anastasija-stankovic-auto-kunz-ag-5--help-you-avatar-1.jpg\" class=\"img-fluid help-you__image invisible\" alt=\"Help you employee\"\n                             width=\"192px\" height=\"192px\">\n                                    <\/div>\n            <\/div>\n            <div class=\"col-lg-6 d-flex\">\n                <div class=\"align-self-center w-100\">\n                    <select class=\"select w-100 mb-1\" name=\"help-widget-select\" multiple\n                            data-title-opened=\"Anastasija Stankovic\"\n                            title=\"Anastasija Stankovic\"\n                            tabindex=\"-98\" data-max-options=\"1\">\n                                                    <option value=\"0\"\n                                    data-employee=\"{&quot;name&quot;:&quot;Petra Spielmann&quot;,&quot;position&quot;:&quot;Conseill\\u00e8re du service client\\u00e8le&quot;,&quot;other_position&quot;:&quot;&quot;,&quot;email&quot;:&quot;petra.spielmann@autokunz.ch&quot;,&quot;telefon&quot;:&quot;+41 56 619 70 70&quot;,&quot;whatsapp_telefon&quot;:&quot;&quot;,&quot;languages&quot;:&quot;ch de gb&quot;,&quot;call_back_link&quot;:&quot;&quot;,&quot;info&quot;:&quot;CH \\\/ DE \\\/  GB &quot;,&quot;calendar&quot;:&quot;&quot;,&quot;help_you&quot;:&quot;https:\\\/\\\/autokunz.ch\\\/app\\\/uploads\\\/2024\\\/08\\\/petra-spielmann-auto-kunz-ag-5--help-you-avatar-1.jpg&quot;,&quot;image&quot;:&quot;https:\\\/\\\/autokunz.ch\\\/app\\\/uploads\\\/2024\\\/08\\\/petra-spielmann-auto-kunz-ag-5.jpg&quot;,&quot;image_hover&quot;:&quot;&quot;,&quot;image_pdf&quot;:&quot;https:\\\/\\\/autokunz.ch\\\/app\\\/uploads\\\/2024\\\/08\\\/petra-spielmann-auto-kunz-ag-5--help-you-avatar-pdf-200.jpg&quot;,&quot;image_email&quot;:&quot;https:\\\/\\\/autokunz.ch\\\/app\\\/uploads\\\/2024\\\/08\\\/petra-spielmann-auto-kunz-ag-5--help-you-avatar-pdf-100.jpg&quot;,&quot;categories&quot;:[{&quot;term_id&quot;:381,&quot;name&quot;:&quot;Service client\\u00e8le&quot;,&quot;slug&quot;:&quot;service-clientele&quot;,&quot;term_group&quot;:0,&quot;term_taxonomy_id&quot;:381,&quot;taxonomy&quot;:&quot;department&quot;,&quot;description&quot;:&quot;&quot;,&quot;parent&quot;:0,&quot;count&quot;:4,&quot;filter&quot;:&quot;raw&quot;,&quot;term_order&quot;:&quot;54&quot;}],&quot;interests&quot;:false}\">Petra Spielmann<\/option>\n                                                    <option value=\"1\"\n                                    data-employee=\"{&quot;name&quot;:&quot;Ibrahim Asllani&quot;,&quot;position&quot;:&quot;Conseiller du service client\\u00e8le&quot;,&quot;other_position&quot;:&quot;&quot;,&quot;email&quot;:&quot;ibrahim.asllani@autokunz.ch&quot;,&quot;telefon&quot;:&quot;+41 56 619 70 82&quot;,&quot;whatsapp_telefon&quot;:&quot;&quot;,&quot;languages&quot;:&quot;ch de gb al&quot;,&quot;call_back_link&quot;:&quot;&quot;,&quot;info&quot;:&quot;CH \\\/ D \\\/ E \\\/ AL&quot;,&quot;calendar&quot;:&quot;&quot;,&quot;help_you&quot;:&quot;https:\\\/\\\/autokunz.ch\\\/app\\\/uploads\\\/2023\\\/04\\\/ibrahim-asllani-auto-kunz-ag1--help-you-avatar-1.jpg&quot;,&quot;image&quot;:&quot;https:\\\/\\\/autokunz.ch\\\/app\\\/uploads\\\/2023\\\/04\\\/ibrahim-asllani-auto-kunz-ag1.jpg&quot;,&quot;image_hover&quot;:&quot;&quot;,&quot;image_pdf&quot;:&quot;https:\\\/\\\/autokunz.ch\\\/app\\\/uploads\\\/2023\\\/04\\\/ibrahim-asllani-auto-kunz-ag1--help-you-avatar-pdf-200.jpg&quot;,&quot;image_email&quot;:&quot;https:\\\/\\\/autokunz.ch\\\/app\\\/uploads\\\/2023\\\/04\\\/ibrahim-asllani-auto-kunz-ag1--help-you-avatar-pdf-100.jpg&quot;,&quot;categories&quot;:[{&quot;term_id&quot;:381,&quot;name&quot;:&quot;Service client\\u00e8le&quot;,&quot;slug&quot;:&quot;service-clientele&quot;,&quot;term_group&quot;:0,&quot;term_taxonomy_id&quot;:381,&quot;taxonomy&quot;:&quot;department&quot;,&quot;description&quot;:&quot;&quot;,&quot;parent&quot;:0,&quot;count&quot;:4,&quot;filter&quot;:&quot;raw&quot;,&quot;term_order&quot;:&quot;54&quot;}],&quot;interests&quot;:false}\">Ibrahim Asllani<\/option>\n                                                    <option value=\"2\"\n                                    data-employee=\"{&quot;name&quot;:&quot;Anastasija Stankovic&quot;,&quot;position&quot;:&quot;Commerce de d\\u00e9tail en formation&quot;,&quot;other_position&quot;:&quot;&quot;,&quot;email&quot;:&quot;anastasija.stankovic@autokunz.ch&quot;,&quot;telefon&quot;:&quot;+41 56 619 70 76&quot;,&quot;whatsapp_telefon&quot;:&quot;&quot;,&quot;languages&quot;:&quot;ch de gb rs&quot;,&quot;call_back_link&quot;:&quot;&quot;,&quot;info&quot;:&quot;CH \\\/ D \\\/ E \\\/ SRB&quot;,&quot;calendar&quot;:&quot;&quot;,&quot;help_you&quot;:&quot;https:\\\/\\\/autokunz.ch\\\/app\\\/uploads\\\/2022\\\/08\\\/anastasija-stankovic-auto-kunz-ag-5--help-you-avatar-1.jpg&quot;,&quot;image&quot;:&quot;https:\\\/\\\/autokunz.ch\\\/app\\\/uploads\\\/2022\\\/08\\\/anastasija-stankovic-auto-kunz-ag-5.jpg&quot;,&quot;image_hover&quot;:&quot;&quot;,&quot;image_pdf&quot;:&quot;https:\\\/\\\/autokunz.ch\\\/app\\\/uploads\\\/2022\\\/08\\\/anastasija-stankovic-auto-kunz-ag-5--help-you-avatar-pdf-200.jpg&quot;,&quot;image_email&quot;:&quot;https:\\\/\\\/autokunz.ch\\\/app\\\/uploads\\\/2022\\\/08\\\/anastasija-stankovic-auto-kunz-ag-5--help-you-avatar-pdf-100.jpg&quot;,&quot;categories&quot;:[{&quot;term_id&quot;:381,&quot;name&quot;:&quot;Service client\\u00e8le&quot;,&quot;slug&quot;:&quot;service-clientele&quot;,&quot;term_group&quot;:0,&quot;term_taxonomy_id&quot;:381,&quot;taxonomy&quot;:&quot;department&quot;,&quot;description&quot;:&quot;&quot;,&quot;parent&quot;:0,&quot;count&quot;:4,&quot;filter&quot;:&quot;raw&quot;,&quot;term_order&quot;:&quot;54&quot;}],&quot;interests&quot;:false}\">Anastasija Stankovic<\/option>\n                                                    <option value=\"3\"\n                                    data-employee=\"{&quot;name&quot;:&quot;Calvin Appenzeller&quot;,&quot;position&quot;:&quot;Chef du service client\\u00e8le&quot;,&quot;other_position&quot;:&quot;&quot;,&quot;email&quot;:&quot;calvin.appenzeller@autokunz.ch&quot;,&quot;telefon&quot;:&quot;+41 56 619 70 78&quot;,&quot;whatsapp_telefon&quot;:&quot;&quot;,&quot;languages&quot;:&quot;ch de gb&quot;,&quot;call_back_link&quot;:&quot;&quot;,&quot;info&quot;:&quot;CH \\\/ D \\\/ E&quot;,&quot;calendar&quot;:&quot;&quot;,&quot;help_you&quot;:&quot;https:\\\/\\\/autokunz.ch\\\/app\\\/uploads\\\/2019\\\/08\\\/calvin-appenzeller-auto-kunz-ag-5--help-you-avatar-1.jpg&quot;,&quot;image&quot;:&quot;https:\\\/\\\/autokunz.ch\\\/app\\\/uploads\\\/2019\\\/08\\\/calvin-appenzeller-auto-kunz-ag-5.jpg&quot;,&quot;image_hover&quot;:&quot;&quot;,&quot;image_pdf&quot;:&quot;https:\\\/\\\/autokunz.ch\\\/app\\\/uploads\\\/2019\\\/08\\\/calvin-appenzeller-auto-kunz-ag-5--help-you-avatar-pdf-200.jpg&quot;,&quot;image_email&quot;:&quot;https:\\\/\\\/autokunz.ch\\\/app\\\/uploads\\\/2019\\\/08\\\/calvin-appenzeller-auto-kunz-ag-5--help-you-avatar-pdf-100.jpg&quot;,&quot;categories&quot;:[{&quot;term_id&quot;:381,&quot;name&quot;:&quot;Service client\\u00e8le&quot;,&quot;slug&quot;:&quot;service-clientele&quot;,&quot;term_group&quot;:0,&quot;term_taxonomy_id&quot;:381,&quot;taxonomy&quot;:&quot;department&quot;,&quot;description&quot;:&quot;&quot;,&quot;parent&quot;:0,&quot;count&quot;:4,&quot;filter&quot;:&quot;raw&quot;,&quot;term_order&quot;:&quot;54&quot;}],&quot;interests&quot;:false}\">Calvin Appenzeller<\/option>\n                                            <\/select>\n                    <p>\n                        <strong class=\"d-block help-you__name\">Anastasija Stankovic<\/strong>\n                        <span class=\"help-you__position\">Commerce de d\u00e9tail en formation<\/span>\n                        <br>\n                        <div class=\"help-you__info\">\n                                                                                            <span class=\"flag-icon flag-icon-ch skip-lazy\" style=\"background-image: url(https:\/\/autokunz.ch\/app\/themes\/autokunz2\/resources\/assets\/images\/flags\/4x3\/ch.svg)\"><\/span>\n                                                                                            <span class=\"flag-icon flag-icon-de skip-lazy\" style=\"background-image: url(https:\/\/autokunz.ch\/app\/themes\/autokunz2\/resources\/assets\/images\/flags\/4x3\/de.svg)\"><\/span>\n                                                                                            <span class=\"flag-icon flag-icon-gb skip-lazy\" style=\"background-image: url(https:\/\/autokunz.ch\/app\/themes\/autokunz2\/resources\/assets\/images\/flags\/4x3\/gb.svg)\"><\/span>\n                                                                                            <span class=\"flag-icon flag-icon-rs skip-lazy\" style=\"background-image: url(https:\/\/autokunz.ch\/app\/themes\/autokunz2\/resources\/assets\/images\/flags\/4x3\/rs.svg)\"><\/span>\n                                                    <\/div>\n                    <\/p>\n                    <div class=\"primary-cube-icons d-flex justify-content-start\">\n                        <a href=\"mailto:anastasija.stankovic@autokunz.ch\"\n                           class=\"help-you__email mr-2 square-button square-button--primary\" >\n                            <i class=\"material-icons\">mail_outline<\/i>\n                        <\/a>\n                                                <a href=\"tel:+41566197076\"\n                           class=\"help-you__telefon mr-2 square-button square-button--primary\" >\n                            <i class=\"material-icons\">phone<\/i>\n                        <\/a>\n                        <a href=\"\"\n                           class=\"help-you__call-back-link mr-2 square-button square-button--primary\" style=\"display: none !important\">\n                            <img decoding=\"async\" src=\"https:\/\/autokunz.ch\/app\/themes\/autokunz2\/resources\/assets\/images\/icons\/call-back-icon.svg\" class=\"img-fluid\"\n                                 width=\"36px\" height=\"36px\" alt=\"Call back icon\"><\/a>\n\n                        \n\n                        \n                        \n                        \n\n                        <a href=\"https:\/\/wa.me\/?text=Hallo Auto Kunz, ich interessiere mich f\u00fcr...\"\n                           target=\"_blank\"\n                           class=\"help-you__whatsapp_telefon mr-2\" style=\"display: none !important\">\n                            <img decoding=\"async\" src=\"https:\/\/autokunz.ch\/app\/themes\/autokunz2\/resources\/assets\/images\/icons\/whatsapp_logo_v2.webp\" width=\"36px\" height=\"36px\"\n                                 alt=\"WhatsApp\">\n                        <\/a>\n\n                        <a href=\"\"\n                           class=\"help-you__calendar mr-2 square-button square-button--calendar\" style=\"display: none !important\"><\/a>\n                    <\/div>\n                <\/div>\n            <\/div>\n        <\/div>\n    <\/div>\n    \n<\/div>\n<\/div>\n<\/div>\n<\/div>\n","protected":false},"excerpt":{"rendered":"<p>Rund um die vier R\u00e4der Reifen tragen wesentlich zur Verkehrssicherheit bei. Dabei sind der saisonale Wechsel, das Profil, die Gr\u00f6sse und der Reifendruck wesentliche Kriterien. Verl\u00e4ngern Sie die Lebensdauer der Reifen f\u00fcr Ihr Fahrzeug durch den fachm\u00e4nnischen Wechsel und die Lagerung in unserem Pneuhotel. Unsere Tarife Einlagerung, Reifen pro Saison CHF 49.- Pneuwechsel CHF 128.- &hellip; <a class=\"text-button text-button--primary text-button--no-arrow\" href=\"https:\/\/autokunz.ch\/service\/pneulagerung-im-reifenhotel\/\">continue<\/a><\/p>\n","protected":false},"author":9,"featured_media":3004303,"parent":21,"menu_order":0,"comment_status":"closed","ping_status":"closed","template":"views\/template-companies.blade.php","meta":{"_acf_changed":false,"footnotes":""},"class_list":["post-3004290","page","type-page","status-publish","has-post-thumbnail","hentry"],"acf":[],"yoast_head":"<!-- This site is optimized with the Yoast SEO plugin v27.0 - https:\/\/yoast.com\/product\/yoast-seo-wordpress\/ -->\n<title>Pneuwechsel und -lagerung - Auto Kunz Wohlen<\/title>\n<meta name=\"description\" content=\"Reifenwechsel vom Profi: Wir bieten Ihnen den halbj\u00e4hrlichen Reifenwechsel und die Reifenlagerung aus einer Hand an.\" \/>\n<meta name=\"robots\" content=\"index, follow, max-snippet:-1, max-image-preview:large, max-video-preview:-1\" \/>\n<link rel=\"canonical\" href=\"https:\/\/autokunz.ch\/service\/pneulagerung-im-reifenhotel\/\" \/>\n<meta property=\"og:locale\" content=\"fr_FR\" \/>\n<meta property=\"og:type\" content=\"article\" \/>\n<meta property=\"og:title\" content=\"Pneuwechsel und -lagerung - Auto Kunz Wohlen\" \/>\n<meta property=\"og:description\" content=\"Reifenwechsel vom Profi: Wir bieten Ihnen den halbj\u00e4hrlichen Reifenwechsel und die Reifenlagerung aus einer Hand an.\" \/>\n<meta property=\"og:url\" content=\"https:\/\/autokunz.ch\/service\/pneulagerung-im-reifenhotel\/\" \/>\n<meta property=\"og:site_name\" content=\"Auto Kunz\" \/>\n<meta property=\"article:publisher\" content=\"https:\/\/www.facebook.com\/AutoKunzAG\" \/>\n<meta property=\"article:modified_time\" content=\"2025-07-28T09:10:49+00:00\" \/>\n<meta property=\"og:image\" content=\"https:\/\/autokunz.ch\/app\/uploads\/2022\/02\/Webseite_Pnuehotel.jpg\" \/>\n\t<meta property=\"og:image:width\" content=\"1920\" \/>\n\t<meta property=\"og:image:height\" content=\"1000\" \/>\n\t<meta property=\"og:image:type\" content=\"image\/jpeg\" \/>\n<meta name=\"twitter:card\" content=\"summary_large_image\" \/>\n<meta name=\"twitter:site\" content=\"@autokunzag\" \/>\n<meta name=\"twitter:label1\" content=\"Est. reading time\" \/>\n\t<meta name=\"twitter:data1\" content=\"1 minute\" \/>\n<script type=\"application\/ld+json\" class=\"yoast-schema-graph\">{\"@context\":\"https:\/\/schema.org\",\"@graph\":[{\"@type\":\"WebPage\",\"@id\":\"https:\/\/autokunz.ch\/service\/pneulagerung-im-reifenhotel\/\",\"url\":\"https:\/\/autokunz.ch\/service\/pneulagerung-im-reifenhotel\/\",\"name\":\"Pneuwechsel und -lagerung - Auto Kunz Wohlen\",\"isPartOf\":{\"@id\":\"https:\/\/autokunz.ch\/#website\"},\"primaryImageOfPage\":{\"@id\":\"https:\/\/autokunz.ch\/service\/pneulagerung-im-reifenhotel\/#primaryimage\"},\"image\":{\"@id\":\"https:\/\/autokunz.ch\/service\/pneulagerung-im-reifenhotel\/#primaryimage\"},\"thumbnailUrl\":\"https:\/\/autokunz.ch\/app\/uploads\/2022\/02\/Webseite_Pnuehotel.jpg\",\"datePublished\":\"2022-02-07T09:23:42+00:00\",\"dateModified\":\"2025-07-28T09:10:49+00:00\",\"description\":\"Reifenwechsel vom Profi: Wir bieten Ihnen den halbj\u00e4hrlichen Reifenwechsel und die Reifenlagerung aus einer Hand an.\",\"breadcrumb\":{\"@id\":\"https:\/\/autokunz.ch\/service\/pneulagerung-im-reifenhotel\/#breadcrumb\"},\"inLanguage\":\"fr-FR\",\"potentialAction\":[{\"@type\":\"ReadAction\",\"target\":[\"https:\/\/autokunz.ch\/service\/pneulagerung-im-reifenhotel\/\"]}]},{\"@type\":\"ImageObject\",\"inLanguage\":\"fr-FR\",\"@id\":\"https:\/\/autokunz.ch\/service\/pneulagerung-im-reifenhotel\/#primaryimage\",\"url\":\"https:\/\/autokunz.ch\/app\/uploads\/2022\/02\/Webseite_Pnuehotel.jpg\",\"contentUrl\":\"https:\/\/autokunz.ch\/app\/uploads\/2022\/02\/Webseite_Pnuehotel.jpg\",\"width\":1920,\"height\":1000,\"caption\":\"Pneulagerung im Reifenhotel - Auto Kunz AG 1\"},{\"@type\":\"BreadcrumbList\",\"@id\":\"https:\/\/autokunz.ch\/service\/pneulagerung-im-reifenhotel\/#breadcrumb\",\"itemListElement\":[{\"@type\":\"ListItem\",\"position\":1,\"name\":\"Home\",\"item\":\"https:\/\/autokunz.ch\/fr\/\"},{\"@type\":\"ListItem\",\"position\":2,\"name\":\"Service\",\"item\":\"https:\/\/autokunz.ch\/service\/\"},{\"@type\":\"ListItem\",\"position\":3,\"name\":\"Pneuwechsel und -lagerung\"}]},{\"@type\":\"WebSite\",\"@id\":\"https:\/\/autokunz.ch\/#website\",\"url\":\"https:\/\/autokunz.ch\/\",\"name\":\"Auto Kunz\",\"description\":\"\u00dcber 500 Autos, die tiefsten Preise der Schweiz\",\"publisher\":{\"@id\":\"https:\/\/autokunz.ch\/#organization\"},\"potentialAction\":[{\"@type\":\"SearchAction\",\"target\":{\"@type\":\"EntryPoint\",\"urlTemplate\":\"https:\/\/autokunz.ch\/?s={search_term_string}\"},\"query-input\":{\"@type\":\"PropertyValueSpecification\",\"valueRequired\":true,\"valueName\":\"search_term_string\"}}],\"inLanguage\":\"fr-FR\"},{\"@type\":\"Organization\",\"@id\":\"https:\/\/autokunz.ch\/#organization\",\"name\":\"Auto Kunz AG\",\"url\":\"https:\/\/autokunz.ch\/\",\"logo\":{\"@type\":\"ImageObject\",\"inLanguage\":\"fr-FR\",\"@id\":\"https:\/\/autokunz.ch\/#\/schema\/logo\/image\/\",\"url\":\"https:\/\/autokunz.ch\/app\/uploads\/2021\/07\/autokunz-ag-wohlen-logo.png\",\"contentUrl\":\"https:\/\/autokunz.ch\/app\/uploads\/2021\/07\/autokunz-ag-wohlen-logo.png\",\"width\":530,\"height\":79,\"caption\":\"Auto Kunz AG\"},\"image\":{\"@id\":\"https:\/\/autokunz.ch\/#\/schema\/logo\/image\/\"},\"sameAs\":[\"https:\/\/www.facebook.com\/AutoKunzAG\",\"https:\/\/x.com\/autokunzag\",\"https:\/\/www.instagram.com\/autokunz.ch\/\",\"https:\/\/www.linkedin.com\/company\/9463486?trk=tyah&amp;amp;amp;trkInfo=clickedVertical:company,idx:1-1-1,tarId:1434043483672,tas:auto kunz\",\"https:\/\/www.pinterest.com\/autokunzag\/\",\"https:\/\/www.youtube.com\/channel\/UCsS22A2abuuzGxbmhsPm-6g\"]}]}<\/script>\n<!-- \/ Yoast SEO plugin. -->","yoast_head_json":{"title":"Pneuwechsel und -lagerung - Auto Kunz Wohlen","description":"Reifenwechsel vom Profi: Wir bieten Ihnen den halbj\u00e4hrlichen Reifenwechsel und die Reifenlagerung aus einer Hand an.","robots":{"index":"index","follow":"follow","max-snippet":"max-snippet:-1","max-image-preview":"max-image-preview:large","max-video-preview":"max-video-preview:-1"},"canonical":"https:\/\/autokunz.ch\/service\/pneulagerung-im-reifenhotel\/","og_locale":"fr_FR","og_type":"article","og_title":"Pneuwechsel und -lagerung - Auto Kunz Wohlen","og_description":"Reifenwechsel vom Profi: Wir bieten Ihnen den halbj\u00e4hrlichen Reifenwechsel und die Reifenlagerung aus einer Hand an.","og_url":"https:\/\/autokunz.ch\/service\/pneulagerung-im-reifenhotel\/","og_site_name":"Auto Kunz","article_publisher":"https:\/\/www.facebook.com\/AutoKunzAG","article_modified_time":"2025-07-28T09:10:49+00:00","og_image":[{"width":1920,"height":1000,"url":"https:\/\/autokunz.ch\/app\/uploads\/2022\/02\/Webseite_Pnuehotel.jpg","type":"image\/jpeg"}],"twitter_card":"summary_large_image","twitter_site":"@autokunzag","twitter_misc":{"Est. reading time":"1 minute"},"schema":{"@context":"https:\/\/schema.org","@graph":[{"@type":"WebPage","@id":"https:\/\/autokunz.ch\/service\/pneulagerung-im-reifenhotel\/","url":"https:\/\/autokunz.ch\/service\/pneulagerung-im-reifenhotel\/","name":"Pneuwechsel und -lagerung - Auto Kunz Wohlen","isPartOf":{"@id":"https:\/\/autokunz.ch\/#website"},"primaryImageOfPage":{"@id":"https:\/\/autokunz.ch\/service\/pneulagerung-im-reifenhotel\/#primaryimage"},"image":{"@id":"https:\/\/autokunz.ch\/service\/pneulagerung-im-reifenhotel\/#primaryimage"},"thumbnailUrl":"https:\/\/autokunz.ch\/app\/uploads\/2022\/02\/Webseite_Pnuehotel.jpg","datePublished":"2022-02-07T09:23:42+00:00","dateModified":"2025-07-28T09:10:49+00:00","description":"Reifenwechsel vom Profi: Wir bieten Ihnen den halbj\u00e4hrlichen Reifenwechsel und die Reifenlagerung aus einer Hand an.","breadcrumb":{"@id":"https:\/\/autokunz.ch\/service\/pneulagerung-im-reifenhotel\/#breadcrumb"},"inLanguage":"fr-FR","potentialAction":[{"@type":"ReadAction","target":["https:\/\/autokunz.ch\/service\/pneulagerung-im-reifenhotel\/"]}]},{"@type":"ImageObject","inLanguage":"fr-FR","@id":"https:\/\/autokunz.ch\/service\/pneulagerung-im-reifenhotel\/#primaryimage","url":"https:\/\/autokunz.ch\/app\/uploads\/2022\/02\/Webseite_Pnuehotel.jpg","contentUrl":"https:\/\/autokunz.ch\/app\/uploads\/2022\/02\/Webseite_Pnuehotel.jpg","width":1920,"height":1000,"caption":"Pneulagerung im Reifenhotel - Auto Kunz AG 1"},{"@type":"BreadcrumbList","@id":"https:\/\/autokunz.ch\/service\/pneulagerung-im-reifenhotel\/#breadcrumb","itemListElement":[{"@type":"ListItem","position":1,"name":"Home","item":"https:\/\/autokunz.ch\/fr\/"},{"@type":"ListItem","position":2,"name":"Service","item":"https:\/\/autokunz.ch\/service\/"},{"@type":"ListItem","position":3,"name":"Pneuwechsel und -lagerung"}]},{"@type":"WebSite","@id":"https:\/\/autokunz.ch\/#website","url":"https:\/\/autokunz.ch\/","name":"Auto Kunz","description":"\u00dcber 500 Autos, die tiefsten Preise der Schweiz","publisher":{"@id":"https:\/\/autokunz.ch\/#organization"},"potentialAction":[{"@type":"SearchAction","target":{"@type":"EntryPoint","urlTemplate":"https:\/\/autokunz.ch\/?s={search_term_string}"},"query-input":{"@type":"PropertyValueSpecification","valueRequired":true,"valueName":"search_term_string"}}],"inLanguage":"fr-FR"},{"@type":"Organization","@id":"https:\/\/autokunz.ch\/#organization","name":"Auto Kunz AG","url":"https:\/\/autokunz.ch\/","logo":{"@type":"ImageObject","inLanguage":"fr-FR","@id":"https:\/\/autokunz.ch\/#\/schema\/logo\/image\/","url":"https:\/\/autokunz.ch\/app\/uploads\/2021\/07\/autokunz-ag-wohlen-logo.png","contentUrl":"https:\/\/autokunz.ch\/app\/uploads\/2021\/07\/autokunz-ag-wohlen-logo.png","width":530,"height":79,"caption":"Auto Kunz AG"},"image":{"@id":"https:\/\/autokunz.ch\/#\/schema\/logo\/image\/"},"sameAs":["https:\/\/www.facebook.com\/AutoKunzAG","https:\/\/x.com\/autokunzag","https:\/\/www.instagram.com\/autokunz.ch\/","https:\/\/www.linkedin.com\/company\/9463486?trk=tyah&amp;amp;amp;trkInfo=clickedVertical:company,idx:1-1-1,tarId:1434043483672,tas:auto kunz","https:\/\/www.pinterest.com\/autokunzag\/","https:\/\/www.youtube.com\/channel\/UCsS22A2abuuzGxbmhsPm-6g"]}]}},"_links":{"self":[{"href":"https:\/\/autokunz.ch\/fr\/wp-json\/wp\/v2\/pages\/3004290","targetHints":{"allow":["GET"]}}],"collection":[{"href":"https:\/\/autokunz.ch\/fr\/wp-json\/wp\/v2\/pages"}],"about":[{"href":"https:\/\/autokunz.ch\/fr\/wp-json\/wp\/v2\/types\/page"}],"author":[{"embeddable":true,"href":"https:\/\/autokunz.ch\/fr\/wp-json\/wp\/v2\/users\/9"}],"replies":[{"embeddable":true,"href":"https:\/\/autokunz.ch\/fr\/wp-json\/wp\/v2\/comments?post=3004290"}],"version-history":[{"count":3,"href":"https:\/\/autokunz.ch\/fr\/wp-json\/wp\/v2\/pages\/3004290\/revisions"}],"predecessor-version":[{"id":5566330,"href":"https:\/\/autokunz.ch\/fr\/wp-json\/wp\/v2\/pages\/3004290\/revisions\/5566330"}],"up":[{"embeddable":true,"href":"https:\/\/autokunz.ch\/fr\/wp-json\/wp\/v2\/pages\/21"}],"wp:featuredmedia":[{"embeddable":true,"href":"https:\/\/autokunz.ch\/fr\/wp-json\/wp\/v2\/media\/3004303"}],"wp:attachment":[{"href":"https:\/\/autokunz.ch\/fr\/wp-json\/wp\/v2\/media?parent=3004290"}],"curies":[{"name":"wp","href":"https:\/\/api.w.org\/{rel}","templated":true}]}}