{"id":3965920,"date":"2022-02-07T10:23:42","date_gmt":"2022-02-07T09:23:42","guid":{"rendered":"https:\/\/autokunz.ch\/service\/pneulagerung-im-reifenhotel\/"},"modified":"2023-02-15T10:52:51","modified_gmt":"2023-02-15T09:52:51","slug":"pneu","status":"publish","type":"page","link":"https:\/\/autokunz.ch\/fr\/service\/pneu\/","title":{"rendered":"Service des pneus"},"content":{"rendered":"\n<div class=\"wp-block-columns has-2-columns is-layout-flex wp-container-core-columns-is-layout-9d6595d7 wp-block-columns-is-layout-flex\">\n<div class=\"wp-block-column is-layout-flow wp-block-column-is-layout-flow\">\n<h2 class=\"wp-block-heading\">AUTOUR DES 4 ROUES<\/h2>\n\n\n\n<h3 class=\"wp-block-heading\"><\/h3>\n\n\n\n<p>Les pneus apportent une contribution significative \u00e0 la s\u00e9curit\u00e9 routi\u00e8re. Le changement de saison, le profil, la taille et la pression des pneus sont des crit\u00e8res essentiels. Prolongez la dur\u00e9e de vie des pneus de votre v\u00e9hicule en les changeant professionnellement et en les stockant dans notre h\u00f4tel de pneus.<\/p>\n\n\n\n<h5 class=\"wp-block-heading\">Nos tarifs<\/h5>\n\n\n\n<p>Stockage, pneus par saison CHF 49.-<\/p>\n\n\n\n<p>Changement de pneu CHF 79.-<\/p>\n\n\n\n<p>Changement de roue CHF 128.-<\/p>\n\n\n\n<p>Nouvel achat selon offre individuelle<\/p>\n\n\n\n<p>R\u00e9servez un rendez-vous <a href=\"https:\/\/booking.autokunz.ch\/rm\/App\/Start\" target=\"_blank\" rel=\"noreferrer noopener\">en ligne<\/a> d\u00e8s maintenant. <\/p>\n\n\n\n<p>Prix TVA incluse et par v\u00e9hicule.<\/p>\n<\/div>\n\n\n\n<div class=\"wp-block-column is-layout-flow wp-block-column-is-layout-flow\">\n<div class=\"wp-block-columns has-2-columns is-layout-flex wp-container-core-columns-is-layout-9d6595d7 wp-block-columns-is-layout-flex\">\n<div class=\"wp-block-column is-layout-flow wp-block-column-is-layout-flow\"><div class=\"help-you text-box text-box--wide text-box--help-you h-100 d-flex flex-column \">\n        <h4 class=\"text-box__title text-center\">Laissez-nous vous conseiller<\/h4>\n        <div class=\"row help-you__content-container\">\n            <div class=\"col-lg-6 help-you__image-container\">\n                <div class=\"text-box__avatar d-flex mx-auto mb-4 mb-lg-0\"\n                     style=\"background-image: url('https:\/\/autokunz.ch\/app\/uploads\/2024\/08\/petra-spielmann-auto-kunz-ag-5--help-you-avatar-1.jpg')\">\n                                            <img decoding=\"async\" src=\"https:\/\/autokunz.ch\/app\/uploads\/2024\/08\/petra-spielmann-auto-kunz-ag-5--help-you-avatar-1.jpg\" class=\"img-fluid help-you__image invisible\" alt=\"Help you employee\"\n                             width=\"192px\" height=\"192px\">\n                                    <\/div>\n            <\/div>\n            <div class=\"col-lg-6 d-flex\">\n                <div class=\"align-self-center w-100\">\n                    <select class=\"select w-100 mb-1\" name=\"help-widget-select\" multiple\n                            data-title-opened=\"Petra Spielmann\"\n                            title=\"Petra Spielmann\"\n                            tabindex=\"-98\" data-max-options=\"1\">\n                                                    <option value=\"0\"\n                                    data-employee=\"{&quot;name&quot;:&quot;Ibrahim Asllani&quot;,&quot;position&quot;:&quot;Conseiller du service client\\u00e8le&quot;,&quot;other_position&quot;:&quot;&quot;,&quot;email&quot;:&quot;ibrahim.asllani@autokunz.ch&quot;,&quot;telefon&quot;:&quot;+41 56 619 70 82&quot;,&quot;whatsapp_telefon&quot;:&quot;&quot;,&quot;languages&quot;:&quot;ch de gb al&quot;,&quot;call_back_link&quot;:&quot;&quot;,&quot;info&quot;:&quot;CH \\\/ D \\\/ E \\\/ AL&quot;,&quot;calendar&quot;:&quot;&quot;,&quot;help_you&quot;:&quot;https:\\\/\\\/autokunz.ch\\\/app\\\/uploads\\\/2023\\\/04\\\/ibrahim-asllani-auto-kunz-ag1--help-you-avatar-1.jpg&quot;,&quot;image&quot;:&quot;https:\\\/\\\/autokunz.ch\\\/app\\\/uploads\\\/2023\\\/04\\\/ibrahim-asllani-auto-kunz-ag1.jpg&quot;,&quot;image_hover&quot;:&quot;&quot;,&quot;image_pdf&quot;:&quot;https:\\\/\\\/autokunz.ch\\\/app\\\/uploads\\\/2023\\\/04\\\/ibrahim-asllani-auto-kunz-ag1--help-you-avatar-pdf-200.jpg&quot;,&quot;image_email&quot;:&quot;https:\\\/\\\/autokunz.ch\\\/app\\\/uploads\\\/2023\\\/04\\\/ibrahim-asllani-auto-kunz-ag1--help-you-avatar-pdf-100.jpg&quot;,&quot;categories&quot;:[{&quot;term_id&quot;:381,&quot;name&quot;:&quot;Service client\\u00e8le&quot;,&quot;slug&quot;:&quot;service-clientele&quot;,&quot;term_group&quot;:0,&quot;term_taxonomy_id&quot;:381,&quot;taxonomy&quot;:&quot;department&quot;,&quot;description&quot;:&quot;&quot;,&quot;parent&quot;:0,&quot;count&quot;:4,&quot;filter&quot;:&quot;raw&quot;,&quot;term_order&quot;:&quot;54&quot;}],&quot;interests&quot;:false}\">Ibrahim Asllani<\/option>\n                                                    <option value=\"1\"\n                                    data-employee=\"{&quot;name&quot;:&quot;Petra Spielmann&quot;,&quot;position&quot;:&quot;Conseill\\u00e8re du service client\\u00e8le&quot;,&quot;other_position&quot;:&quot;&quot;,&quot;email&quot;:&quot;petra.spielmann@autokunz.ch&quot;,&quot;telefon&quot;:&quot;+41 56 619 70 70&quot;,&quot;whatsapp_telefon&quot;:&quot;&quot;,&quot;languages&quot;:&quot;ch de gb&quot;,&quot;call_back_link&quot;:&quot;&quot;,&quot;info&quot;:&quot;CH \\\/ DE \\\/  GB &quot;,&quot;calendar&quot;:&quot;&quot;,&quot;help_you&quot;:&quot;https:\\\/\\\/autokunz.ch\\\/app\\\/uploads\\\/2024\\\/08\\\/petra-spielmann-auto-kunz-ag-5--help-you-avatar-1.jpg&quot;,&quot;image&quot;:&quot;https:\\\/\\\/autokunz.ch\\\/app\\\/uploads\\\/2024\\\/08\\\/petra-spielmann-auto-kunz-ag-5.jpg&quot;,&quot;image_hover&quot;:&quot;&quot;,&quot;image_pdf&quot;:&quot;https:\\\/\\\/autokunz.ch\\\/app\\\/uploads\\\/2024\\\/08\\\/petra-spielmann-auto-kunz-ag-5--help-you-avatar-pdf-200.jpg&quot;,&quot;image_email&quot;:&quot;https:\\\/\\\/autokunz.ch\\\/app\\\/uploads\\\/2024\\\/08\\\/petra-spielmann-auto-kunz-ag-5--help-you-avatar-pdf-100.jpg&quot;,&quot;categories&quot;:[{&quot;term_id&quot;:381,&quot;name&quot;:&quot;Service client\\u00e8le&quot;,&quot;slug&quot;:&quot;service-clientele&quot;,&quot;term_group&quot;:0,&quot;term_taxonomy_id&quot;:381,&quot;taxonomy&quot;:&quot;department&quot;,&quot;description&quot;:&quot;&quot;,&quot;parent&quot;:0,&quot;count&quot;:4,&quot;filter&quot;:&quot;raw&quot;,&quot;term_order&quot;:&quot;54&quot;}],&quot;interests&quot;:false}\">Petra Spielmann<\/option>\n                                                    <option value=\"2\"\n                                    data-employee=\"{&quot;name&quot;:&quot;Anastasija Stankovic&quot;,&quot;position&quot;:&quot;Commerce de d\\u00e9tail en formation&quot;,&quot;other_position&quot;:&quot;&quot;,&quot;email&quot;:&quot;anastasija.stankovic@autokunz.ch&quot;,&quot;telefon&quot;:&quot;+41 56 619 70 76&quot;,&quot;whatsapp_telefon&quot;:&quot;&quot;,&quot;languages&quot;:&quot;ch de gb rs&quot;,&quot;call_back_link&quot;:&quot;&quot;,&quot;info&quot;:&quot;CH \\\/ D \\\/ E \\\/ SRB&quot;,&quot;calendar&quot;:&quot;&quot;,&quot;help_you&quot;:&quot;https:\\\/\\\/autokunz.ch\\\/app\\\/uploads\\\/2022\\\/08\\\/anastasija-stankovic-auto-kunz-ag-5--help-you-avatar-1.jpg&quot;,&quot;image&quot;:&quot;https:\\\/\\\/autokunz.ch\\\/app\\\/uploads\\\/2022\\\/08\\\/anastasija-stankovic-auto-kunz-ag-5.jpg&quot;,&quot;image_hover&quot;:&quot;&quot;,&quot;image_pdf&quot;:&quot;https:\\\/\\\/autokunz.ch\\\/app\\\/uploads\\\/2022\\\/08\\\/anastasija-stankovic-auto-kunz-ag-5--help-you-avatar-pdf-200.jpg&quot;,&quot;image_email&quot;:&quot;https:\\\/\\\/autokunz.ch\\\/app\\\/uploads\\\/2022\\\/08\\\/anastasija-stankovic-auto-kunz-ag-5--help-you-avatar-pdf-100.jpg&quot;,&quot;categories&quot;:[{&quot;term_id&quot;:381,&quot;name&quot;:&quot;Service client\\u00e8le&quot;,&quot;slug&quot;:&quot;service-clientele&quot;,&quot;term_group&quot;:0,&quot;term_taxonomy_id&quot;:381,&quot;taxonomy&quot;:&quot;department&quot;,&quot;description&quot;:&quot;&quot;,&quot;parent&quot;:0,&quot;count&quot;:4,&quot;filter&quot;:&quot;raw&quot;,&quot;term_order&quot;:&quot;54&quot;}],&quot;interests&quot;:false}\">Anastasija Stankovic<\/option>\n                                                    <option value=\"3\"\n                                    data-employee=\"{&quot;name&quot;:&quot;Calvin Appenzeller&quot;,&quot;position&quot;:&quot;Chef du service client\\u00e8le&quot;,&quot;other_position&quot;:&quot;&quot;,&quot;email&quot;:&quot;calvin.appenzeller@autokunz.ch&quot;,&quot;telefon&quot;:&quot;+41 56 619 70 78&quot;,&quot;whatsapp_telefon&quot;:&quot;&quot;,&quot;languages&quot;:&quot;ch de gb&quot;,&quot;call_back_link&quot;:&quot;&quot;,&quot;info&quot;:&quot;CH \\\/ D \\\/ E&quot;,&quot;calendar&quot;:&quot;&quot;,&quot;help_you&quot;:&quot;https:\\\/\\\/autokunz.ch\\\/app\\\/uploads\\\/2019\\\/08\\\/calvin-appenzeller-auto-kunz-ag-5--help-you-avatar-1.jpg&quot;,&quot;image&quot;:&quot;https:\\\/\\\/autokunz.ch\\\/app\\\/uploads\\\/2019\\\/08\\\/calvin-appenzeller-auto-kunz-ag-5.jpg&quot;,&quot;image_hover&quot;:&quot;&quot;,&quot;image_pdf&quot;:&quot;https:\\\/\\\/autokunz.ch\\\/app\\\/uploads\\\/2019\\\/08\\\/calvin-appenzeller-auto-kunz-ag-5--help-you-avatar-pdf-200.jpg&quot;,&quot;image_email&quot;:&quot;https:\\\/\\\/autokunz.ch\\\/app\\\/uploads\\\/2019\\\/08\\\/calvin-appenzeller-auto-kunz-ag-5--help-you-avatar-pdf-100.jpg&quot;,&quot;categories&quot;:[{&quot;term_id&quot;:381,&quot;name&quot;:&quot;Service client\\u00e8le&quot;,&quot;slug&quot;:&quot;service-clientele&quot;,&quot;term_group&quot;:0,&quot;term_taxonomy_id&quot;:381,&quot;taxonomy&quot;:&quot;department&quot;,&quot;description&quot;:&quot;&quot;,&quot;parent&quot;:0,&quot;count&quot;:4,&quot;filter&quot;:&quot;raw&quot;,&quot;term_order&quot;:&quot;54&quot;}],&quot;interests&quot;:false}\">Calvin Appenzeller<\/option>\n                                            <\/select>\n                    <p>\n                        <strong class=\"d-block help-you__name\">Petra Spielmann<\/strong>\n                        <span class=\"help-you__position\">Conseill\u00e8re du service client\u00e8le<\/span>\n                        <br>\n                        <div class=\"help-you__info\">\n                                                                                            <span class=\"flag-icon flag-icon-ch skip-lazy\" style=\"background-image: url(https:\/\/autokunz.ch\/app\/themes\/autokunz2\/resources\/assets\/images\/flags\/4x3\/ch.svg)\"><\/span>\n                                                                                            <span class=\"flag-icon flag-icon-de skip-lazy\" style=\"background-image: url(https:\/\/autokunz.ch\/app\/themes\/autokunz2\/resources\/assets\/images\/flags\/4x3\/de.svg)\"><\/span>\n                                                                                            <span class=\"flag-icon flag-icon-gb skip-lazy\" style=\"background-image: url(https:\/\/autokunz.ch\/app\/themes\/autokunz2\/resources\/assets\/images\/flags\/4x3\/gb.svg)\"><\/span>\n                                                    <\/div>\n                    <\/p>\n                    <div class=\"primary-cube-icons d-flex justify-content-start\">\n                        <a href=\"mailto:petra.spielmann@autokunz.ch\"\n                           class=\"help-you__email mr-2 square-button square-button--primary\" >\n                            <i class=\"material-icons\">mail_outline<\/i>\n                        <\/a>\n                                                <a href=\"tel:+41566197070\"\n                           class=\"help-you__telefon mr-2 square-button square-button--primary\" >\n                            <i class=\"material-icons\">phone<\/i>\n                        <\/a>\n                        <a href=\"\"\n                           class=\"help-you__call-back-link mr-2 square-button square-button--primary\" style=\"display: none !important\">\n                            <img decoding=\"async\" src=\"https:\/\/autokunz.ch\/app\/themes\/autokunz2\/resources\/assets\/images\/icons\/call-back-icon.svg\" class=\"img-fluid\"\n                                 width=\"36px\" height=\"36px\" alt=\"Call back icon\"><\/a>\n\n                        \n\n                        \n                        \n                        \n\n                        <a href=\"https:\/\/wa.me\/?text=Hallo Auto Kunz, ich interessiere mich f\u00fcr...\"\n                           target=\"_blank\"\n                           class=\"help-you__whatsapp_telefon mr-2\" style=\"display: none !important\">\n                            <img decoding=\"async\" src=\"https:\/\/autokunz.ch\/app\/themes\/autokunz2\/resources\/assets\/images\/icons\/whatsapp_logo_v2.webp\" width=\"36px\" height=\"36px\"\n                                 alt=\"WhatsApp\">\n                        <\/a>\n\n                        <a href=\"\"\n                           class=\"help-you__calendar mr-2 square-button square-button--calendar\" style=\"display: none !important\"><\/a>\n                    <\/div>\n                <\/div>\n            <\/div>\n        <\/div>\n    <\/div>\n    \n<\/div>\n<\/div>\n<\/div>\n<\/div>\n","protected":false},"excerpt":{"rendered":"<p>AUTOUR DES 4 ROUES Les pneus apportent une contribution significative \u00e0 la s\u00e9curit\u00e9 routi\u00e8re. Le changement de saison, le profil, la taille et la pression des pneus sont des crit\u00e8res essentiels. Prolongez la dur\u00e9e de vie des pneus de votre v\u00e9hicule en les changeant professionnellement et en les stockant dans notre h\u00f4tel de pneus. Nos &hellip; <a class=\"text-button text-button--primary text-button--no-arrow\" href=\"https:\/\/autokunz.ch\/fr\/service\/pneu\/\">continue<\/a><\/p>\n","protected":false},"author":9,"featured_media":3004305,"parent":34000,"menu_order":0,"comment_status":"closed","ping_status":"closed","template":"views\/template-companies.blade.php","meta":{"_acf_changed":false,"footnotes":""},"class_list":["post-3965920","page","type-page","status-publish","has-post-thumbnail","hentry"],"acf":[],"yoast_head":"<!-- This site is optimized with the Yoast SEO plugin v27.0 - https:\/\/yoast.com\/product\/yoast-seo-wordpress\/ -->\n<title>Changement et stockage des pneus - Auto Kunz Wohlen<\/title>\n<meta name=\"description\" content=\"Changement de pneus par le professionnel : Nous vous offrons le changement de pneus semestriel et l\u2019entreposage des pneus.,\" \/>\n<meta name=\"robots\" content=\"index, follow, max-snippet:-1, max-image-preview:large, max-video-preview:-1\" \/>\n<link rel=\"canonical\" href=\"https:\/\/autokunz.ch\/fr\/service\/pneu\/\" \/>\n<meta property=\"og:locale\" content=\"fr_FR\" \/>\n<meta property=\"og:type\" content=\"article\" \/>\n<meta property=\"og:title\" content=\"Changement et stockage des pneus - Auto Kunz Wohlen\" \/>\n<meta property=\"og:description\" content=\"Changement de pneus par le professionnel : Nous vous offrons le changement de pneus semestriel et l\u2019entreposage des pneus.,\" \/>\n<meta property=\"og:url\" content=\"https:\/\/autokunz.ch\/fr\/service\/pneu\/\" \/>\n<meta property=\"og:site_name\" content=\"Auto Kunz\" \/>\n<meta property=\"article:publisher\" content=\"https:\/\/www.facebook.com\/AutoKunzAG\" \/>\n<meta property=\"article:modified_time\" content=\"2023-02-15T09:52:51+00:00\" \/>\n<meta property=\"og:image\" content=\"https:\/\/autokunz.ch\/app\/uploads\/2022\/02\/Webseite_Pnuehotel.jpg\" \/>\n\t<meta property=\"og:image:width\" content=\"1920\" \/>\n\t<meta property=\"og:image:height\" content=\"1000\" \/>\n\t<meta property=\"og:image:type\" content=\"image\/jpeg\" \/>\n<meta name=\"twitter:card\" content=\"summary_large_image\" \/>\n<meta name=\"twitter:site\" content=\"@autokunzag\" \/>\n<meta name=\"twitter:label1\" content=\"Est. reading time\" \/>\n\t<meta name=\"twitter:data1\" content=\"1 minute\" \/>\n<script type=\"application\/ld+json\" class=\"yoast-schema-graph\">{\"@context\":\"https:\/\/schema.org\",\"@graph\":[{\"@type\":\"WebPage\",\"@id\":\"https:\/\/autokunz.ch\/fr\/service\/pneu\/\",\"url\":\"https:\/\/autokunz.ch\/fr\/service\/pneu\/\",\"name\":\"Changement et stockage des pneus - Auto Kunz Wohlen\",\"isPartOf\":{\"@id\":\"https:\/\/autokunz.ch\/#website\"},\"primaryImageOfPage\":{\"@id\":\"https:\/\/autokunz.ch\/fr\/service\/pneu\/#primaryimage\"},\"image\":{\"@id\":\"https:\/\/autokunz.ch\/fr\/service\/pneu\/#primaryimage\"},\"thumbnailUrl\":\"https:\/\/autokunz.ch\/app\/uploads\/2022\/02\/Webseite_Pnuehotel.jpg\",\"datePublished\":\"2022-02-07T09:23:42+00:00\",\"dateModified\":\"2023-02-15T09:52:51+00:00\",\"description\":\"Changement de pneus par le professionnel : Nous vous offrons le changement de pneus semestriel et l\u2019entreposage des pneus.,\",\"breadcrumb\":{\"@id\":\"https:\/\/autokunz.ch\/fr\/service\/pneu\/#breadcrumb\"},\"inLanguage\":\"fr-FR\",\"potentialAction\":[{\"@type\":\"ReadAction\",\"target\":[\"https:\/\/autokunz.ch\/fr\/service\/pneu\/\"]}]},{\"@type\":\"ImageObject\",\"inLanguage\":\"fr-FR\",\"@id\":\"https:\/\/autokunz.ch\/fr\/service\/pneu\/#primaryimage\",\"url\":\"https:\/\/autokunz.ch\/app\/uploads\/2022\/02\/Webseite_Pnuehotel.jpg\",\"contentUrl\":\"https:\/\/autokunz.ch\/app\/uploads\/2022\/02\/Webseite_Pnuehotel.jpg\",\"width\":1920,\"height\":1000,\"caption\":\"Auto - Auto Kunz AG mit den schweizweit tiefsten Preisen 18\"},{\"@type\":\"BreadcrumbList\",\"@id\":\"https:\/\/autokunz.ch\/fr\/service\/pneu\/#breadcrumb\",\"itemListElement\":[{\"@type\":\"ListItem\",\"position\":1,\"name\":\"Home\",\"item\":\"https:\/\/autokunz.ch\/fr\/\"},{\"@type\":\"ListItem\",\"position\":2,\"name\":\"Service\",\"item\":\"https:\/\/autokunz.ch\/fr\/service\/\"},{\"@type\":\"ListItem\",\"position\":3,\"name\":\"Service des pneus\"}]},{\"@type\":\"WebSite\",\"@id\":\"https:\/\/autokunz.ch\/#website\",\"url\":\"https:\/\/autokunz.ch\/\",\"name\":\"Auto Kunz\",\"description\":\"\u00dcber 500 Autos, die tiefsten Preise der Schweiz\",\"publisher\":{\"@id\":\"https:\/\/autokunz.ch\/#organization\"},\"potentialAction\":[{\"@type\":\"SearchAction\",\"target\":{\"@type\":\"EntryPoint\",\"urlTemplate\":\"https:\/\/autokunz.ch\/?s={search_term_string}\"},\"query-input\":{\"@type\":\"PropertyValueSpecification\",\"valueRequired\":true,\"valueName\":\"search_term_string\"}}],\"inLanguage\":\"fr-FR\"},{\"@type\":\"Organization\",\"@id\":\"https:\/\/autokunz.ch\/#organization\",\"name\":\"Auto Kunz AG\",\"url\":\"https:\/\/autokunz.ch\/\",\"logo\":{\"@type\":\"ImageObject\",\"inLanguage\":\"fr-FR\",\"@id\":\"https:\/\/autokunz.ch\/#\/schema\/logo\/image\/\",\"url\":\"https:\/\/autokunz.ch\/app\/uploads\/2021\/07\/autokunz-ag-wohlen-logo.png\",\"contentUrl\":\"https:\/\/autokunz.ch\/app\/uploads\/2021\/07\/autokunz-ag-wohlen-logo.png\",\"width\":530,\"height\":79,\"caption\":\"Auto Kunz AG\"},\"image\":{\"@id\":\"https:\/\/autokunz.ch\/#\/schema\/logo\/image\/\"},\"sameAs\":[\"https:\/\/www.facebook.com\/AutoKunzAG\",\"https:\/\/x.com\/autokunzag\",\"https:\/\/www.instagram.com\/autokunz.ch\/\",\"https:\/\/www.linkedin.com\/company\/9463486?trk=tyah&amp;amp;amp;trkInfo=clickedVertical:company,idx:1-1-1,tarId:1434043483672,tas:auto kunz\",\"https:\/\/www.pinterest.com\/autokunzag\/\",\"https:\/\/www.youtube.com\/channel\/UCsS22A2abuuzGxbmhsPm-6g\"]}]}<\/script>\n<!-- \/ Yoast SEO plugin. -->","yoast_head_json":{"title":"Changement et stockage des pneus - Auto Kunz Wohlen","description":"Changement de pneus par le professionnel : Nous vous offrons le changement de pneus semestriel et l\u2019entreposage des pneus.,","robots":{"index":"index","follow":"follow","max-snippet":"max-snippet:-1","max-image-preview":"max-image-preview:large","max-video-preview":"max-video-preview:-1"},"canonical":"https:\/\/autokunz.ch\/fr\/service\/pneu\/","og_locale":"fr_FR","og_type":"article","og_title":"Changement et stockage des pneus - Auto Kunz Wohlen","og_description":"Changement de pneus par le professionnel : Nous vous offrons le changement de pneus semestriel et l\u2019entreposage des pneus.,","og_url":"https:\/\/autokunz.ch\/fr\/service\/pneu\/","og_site_name":"Auto Kunz","article_publisher":"https:\/\/www.facebook.com\/AutoKunzAG","article_modified_time":"2023-02-15T09:52:51+00:00","og_image":[{"width":1920,"height":1000,"url":"https:\/\/autokunz.ch\/app\/uploads\/2022\/02\/Webseite_Pnuehotel.jpg","type":"image\/jpeg"}],"twitter_card":"summary_large_image","twitter_site":"@autokunzag","twitter_misc":{"Est. reading time":"1 minute"},"schema":{"@context":"https:\/\/schema.org","@graph":[{"@type":"WebPage","@id":"https:\/\/autokunz.ch\/fr\/service\/pneu\/","url":"https:\/\/autokunz.ch\/fr\/service\/pneu\/","name":"Changement et stockage des pneus - Auto Kunz Wohlen","isPartOf":{"@id":"https:\/\/autokunz.ch\/#website"},"primaryImageOfPage":{"@id":"https:\/\/autokunz.ch\/fr\/service\/pneu\/#primaryimage"},"image":{"@id":"https:\/\/autokunz.ch\/fr\/service\/pneu\/#primaryimage"},"thumbnailUrl":"https:\/\/autokunz.ch\/app\/uploads\/2022\/02\/Webseite_Pnuehotel.jpg","datePublished":"2022-02-07T09:23:42+00:00","dateModified":"2023-02-15T09:52:51+00:00","description":"Changement de pneus par le professionnel : Nous vous offrons le changement de pneus semestriel et l\u2019entreposage des pneus.,","breadcrumb":{"@id":"https:\/\/autokunz.ch\/fr\/service\/pneu\/#breadcrumb"},"inLanguage":"fr-FR","potentialAction":[{"@type":"ReadAction","target":["https:\/\/autokunz.ch\/fr\/service\/pneu\/"]}]},{"@type":"ImageObject","inLanguage":"fr-FR","@id":"https:\/\/autokunz.ch\/fr\/service\/pneu\/#primaryimage","url":"https:\/\/autokunz.ch\/app\/uploads\/2022\/02\/Webseite_Pnuehotel.jpg","contentUrl":"https:\/\/autokunz.ch\/app\/uploads\/2022\/02\/Webseite_Pnuehotel.jpg","width":1920,"height":1000,"caption":"Auto - Auto Kunz AG mit den schweizweit tiefsten Preisen 18"},{"@type":"BreadcrumbList","@id":"https:\/\/autokunz.ch\/fr\/service\/pneu\/#breadcrumb","itemListElement":[{"@type":"ListItem","position":1,"name":"Home","item":"https:\/\/autokunz.ch\/fr\/"},{"@type":"ListItem","position":2,"name":"Service","item":"https:\/\/autokunz.ch\/fr\/service\/"},{"@type":"ListItem","position":3,"name":"Service des pneus"}]},{"@type":"WebSite","@id":"https:\/\/autokunz.ch\/#website","url":"https:\/\/autokunz.ch\/","name":"Auto Kunz","description":"\u00dcber 500 Autos, die tiefsten Preise der Schweiz","publisher":{"@id":"https:\/\/autokunz.ch\/#organization"},"potentialAction":[{"@type":"SearchAction","target":{"@type":"EntryPoint","urlTemplate":"https:\/\/autokunz.ch\/?s={search_term_string}"},"query-input":{"@type":"PropertyValueSpecification","valueRequired":true,"valueName":"search_term_string"}}],"inLanguage":"fr-FR"},{"@type":"Organization","@id":"https:\/\/autokunz.ch\/#organization","name":"Auto Kunz AG","url":"https:\/\/autokunz.ch\/","logo":{"@type":"ImageObject","inLanguage":"fr-FR","@id":"https:\/\/autokunz.ch\/#\/schema\/logo\/image\/","url":"https:\/\/autokunz.ch\/app\/uploads\/2021\/07\/autokunz-ag-wohlen-logo.png","contentUrl":"https:\/\/autokunz.ch\/app\/uploads\/2021\/07\/autokunz-ag-wohlen-logo.png","width":530,"height":79,"caption":"Auto Kunz AG"},"image":{"@id":"https:\/\/autokunz.ch\/#\/schema\/logo\/image\/"},"sameAs":["https:\/\/www.facebook.com\/AutoKunzAG","https:\/\/x.com\/autokunzag","https:\/\/www.instagram.com\/autokunz.ch\/","https:\/\/www.linkedin.com\/company\/9463486?trk=tyah&amp;amp;amp;trkInfo=clickedVertical:company,idx:1-1-1,tarId:1434043483672,tas:auto kunz","https:\/\/www.pinterest.com\/autokunzag\/","https:\/\/www.youtube.com\/channel\/UCsS22A2abuuzGxbmhsPm-6g"]}]}},"_links":{"self":[{"href":"https:\/\/autokunz.ch\/fr\/wp-json\/wp\/v2\/pages\/3965920","targetHints":{"allow":["GET"]}}],"collection":[{"href":"https:\/\/autokunz.ch\/fr\/wp-json\/wp\/v2\/pages"}],"about":[{"href":"https:\/\/autokunz.ch\/fr\/wp-json\/wp\/v2\/types\/page"}],"author":[{"embeddable":true,"href":"https:\/\/autokunz.ch\/fr\/wp-json\/wp\/v2\/users\/9"}],"replies":[{"embeddable":true,"href":"https:\/\/autokunz.ch\/fr\/wp-json\/wp\/v2\/comments?post=3965920"}],"version-history":[{"count":3,"href":"https:\/\/autokunz.ch\/fr\/wp-json\/wp\/v2\/pages\/3965920\/revisions"}],"predecessor-version":[{"id":3965938,"href":"https:\/\/autokunz.ch\/fr\/wp-json\/wp\/v2\/pages\/3965920\/revisions\/3965938"}],"up":[{"embeddable":true,"href":"https:\/\/autokunz.ch\/fr\/wp-json\/wp\/v2\/pages\/34000"}],"wp:featuredmedia":[{"embeddable":true,"href":"https:\/\/autokunz.ch\/fr\/wp-json\/wp\/v2\/media\/3004305"}],"wp:attachment":[{"href":"https:\/\/autokunz.ch\/fr\/wp-json\/wp\/v2\/media?parent=3965920"}],"curies":[{"name":"wp","href":"https:\/\/api.w.org\/{rel}","templated":true}]}}