{"id":44584,"date":"2019-06-21T14:22:29","date_gmt":"2019-06-21T12:22:29","guid":{"rendered":"https:\/\/autokunz.ch\/autos-2\/"},"modified":"2025-01-17T17:24:39","modified_gmt":"2025-01-17T16:24:39","slug":"autos-2","status":"publish","type":"page","link":"https:\/\/autokunz.ch\/it\/autos-2\/","title":{"rendered":"Auto"},"content":{"rendered":"\n<div class=\"wp-block-columns has-2-columns is-layout-flex wp-container-core-columns-is-layout-9d6595d7 wp-block-columns-is-layout-flex\">\n<div class=\"wp-block-column is-layout-flow wp-block-column-is-layout-flow\">\n<h2 class=\"wp-block-heading\">Acquisti una nuova Auto  <\/h2>\n\n\n\n<h3 class=\"wp-block-heading\">al miglior prezzo di tutta la Svizzera! <\/h3>\n\n\n\n<p>Il garage Auto Kunz AG a Wohlen \u00e8 uno dei maggiori importatori indipendenti di auto della Svizzera. Siamo un partner affidabile per l&#8217;acquisto di auto, sia nuove che usate. <\/p>\n\n\n\n<p>Da noi trova anche offerte interessanti per leasing e occasioni. Su richiesta siamo lieti di importare la sua auto direttamente anche dall&#8217;Europa, USA e altri paesi. Lei pu\u00f2 decidere se acquistare una vettura personalmente sul posto oppure sceglere tramite un acquisto online o un&#8217;asta. <\/p>\n\n\n\n<p>La nostra offerta comprende oltre 500 auto di tutte le marche e diversi equipaggiamenti. Migliaia di altri veicoli sono a sua diposizione a breve termine dai nostri magazzini all&#8217;estero. <\/p>\n\n\n\n<p>Grazie al lungo elenco delle nostre marche come Audi, BMW, Dodge, Ford, Hyundai, Mercedes, Peugeot, \u0160koda e VW fino a Ferrari, Jaguar, Maserati e Porsche nonch\u00e9 Chevrolet, Mazda, Nissan, Subaru, Seat e Toyota solo per citare alcune, ognuno pu\u00f2 trovare quello che fa per lui.  <\/p>\n\n\n\n<p>Pu\u00f2 trovare queste e tante altre marche al miglior prezzo sul mercato svizzero. Saremo lieti di offrirle la nostra consulenza per la sua nuova auto tenendo conto delle sue esigenze e aspettative. <\/p>\n<\/div>\n\n\n\n<div class=\"wp-block-column is-layout-flow wp-block-column-is-layout-flow\">\n<div class=\"wp-block-columns has-2-columns is-layout-flex wp-container-core-columns-is-layout-9d6595d7 wp-block-columns-is-layout-flex\">\n<div class=\"wp-block-column is-layout-flow wp-block-column-is-layout-flow\"><div class=\"text-box d-flex flex-column \">\n                    <div><img decoding=\"async\" src=\"https:\/\/autokunz.ch\/app\/themes\/autokunz2\/resources\/assets\/images\/icons\/hours-icon.svg\" class=\"text-box__icon\" width=\"30px\" height=\"30px\">\n            <\/div>\n                                    \n            <h4 class=\"text-box__title\">ORARI D&#8217;APERTURA VENDITA E OFFICINA<\/h4>\n                    <div class=\"text-box__text text-normal \">\n                <p><strong>Officina:<\/strong><br \/>\nlunedi a venerdi:<br \/>\ndalle 07:30 alle 12:00<br \/>\ndalle 13:30 alle 17:30<\/p>\n<p><strong>Vendita:<\/strong><br \/>\nlunedi a venerdi:<br \/>\ndalle 08:30 alle 12:00<br \/>\ndalle 13:30 alle 18:30<\/p>\n<p><strong>Sabato:<\/strong><br \/>\ndalle 07:30 alle 16:00<\/p>\n\n            <\/div>\n                            <div class=\"mt-auto text-box__link-container\">\n                <div class=\"empty-line-1\"><\/div>\n                                                    <a href=\"https:\/\/autokunz.ch\/it\/contatti\/\"\n                       class=\"text-button text-button--primary\"\n                       >Contatto<\/a>\n                            <\/div>\n            <\/div>\n\n<\/div>\n\n\n\n<div class=\"wp-block-column is-layout-flow wp-block-column-is-layout-flow\"><div class=\"help-you text-box text-box--wide text-box--help-you h-100 d-flex flex-column \">\n        <h4 class=\"text-box__title text-center\">Weiterhelfen<\/h4>\n        <div class=\"row help-you__content-container\">\n            <div class=\"col-lg-6 help-you__image-container\">\n                <div class=\"text-box__avatar d-flex mx-auto mb-4 mb-lg-0\"\n                     style=\"background-image: url('https:\/\/autokunz.ch\/app\/uploads\/2023\/07\/nico-binzegger-auto-kunz-ag-5--help-you-avatar-1.jpg')\">\n                                            <img decoding=\"async\" src=\"https:\/\/autokunz.ch\/app\/uploads\/2023\/07\/nico-binzegger-auto-kunz-ag-5--help-you-avatar-1.jpg\" class=\"img-fluid help-you__image invisible\" alt=\"Help you employee\"\n                             width=\"192px\" height=\"192px\">\n                                    <\/div>\n            <\/div>\n            <div class=\"col-lg-6 d-flex\">\n                <div class=\"align-self-center w-100\">\n                    <select class=\"select w-100 mb-1\" name=\"help-widget-select\" multiple\n                            data-title-opened=\"Nico Binzegger\"\n                            title=\"Nico Binzegger\"\n                            tabindex=\"-98\" data-max-options=\"1\">\n                                                    <option value=\"0\"\n                                    data-employee=\"{&quot;name&quot;:&quot;Francesca Costante&quot;,&quot;position&quot;:&quot;Imprenditrice in formazione&quot;,&quot;other_position&quot;:&quot;&quot;,&quot;email&quot;:&quot;francesca.costante@autokunz.ch&quot;,&quot;telefon&quot;:&quot;+41 56 619 71 23&quot;,&quot;whatsapp_telefon&quot;:&quot;&quot;,&quot;languages&quot;:&quot;ch de gb fr it es&quot;,&quot;call_back_link&quot;:&quot;&quot;,&quot;info&quot;:&quot;CH \\\/ D \\\/ E \\\/ F \\\/ IT \\\/ ES&quot;,&quot;calendar&quot;:&quot;&quot;,&quot;help_you&quot;:&quot;https:\\\/\\\/autokunz.ch\\\/app\\\/uploads\\\/2022\\\/08\\\/francesca-costante-auto-kunz-ag-3--help-you-avatar-1.jpg&quot;,&quot;image&quot;:&quot;https:\\\/\\\/autokunz.ch\\\/app\\\/uploads\\\/2022\\\/08\\\/francesca-costante-auto-kunz-ag-3.jpg&quot;,&quot;image_hover&quot;:&quot;&quot;,&quot;image_pdf&quot;:&quot;https:\\\/\\\/autokunz.ch\\\/app\\\/uploads\\\/2022\\\/08\\\/francesca-costante-auto-kunz-ag-3--help-you-avatar-pdf-200.jpg&quot;,&quot;image_email&quot;:&quot;https:\\\/\\\/autokunz.ch\\\/app\\\/uploads\\\/2022\\\/08\\\/francesca-costante-auto-kunz-ag-3--help-you-avatar-pdf-100.jpg&quot;,&quot;categories&quot;:[{&quot;term_id&quot;:1101,&quot;name&quot;:&quot;Disposition&quot;,&quot;slug&quot;:&quot;teamleiter-disposition-it&quot;,&quot;term_group&quot;:0,&quot;term_taxonomy_id&quot;:1101,&quot;taxonomy&quot;:&quot;department&quot;,&quot;description&quot;:&quot;&quot;,&quot;parent&quot;:0,&quot;count&quot;:3,&quot;filter&quot;:&quot;raw&quot;,&quot;term_order&quot;:&quot;29&quot;},{&quot;term_id&quot;:1097,&quot;name&quot;:&quot;Disposition&quot;,&quot;slug&quot;:&quot;teamleiter-disposition&quot;,&quot;term_group&quot;:0,&quot;term_taxonomy_id&quot;:1097,&quot;taxonomy&quot;:&quot;department&quot;,&quot;description&quot;:&quot;&quot;,&quot;parent&quot;:0,&quot;count&quot;:20,&quot;filter&quot;:&quot;raw&quot;,&quot;term_order&quot;:&quot;30&quot;},{&quot;term_id&quot;:367,&quot;name&quot;:&quot;Vendita&quot;,&quot;slug&quot;:&quot;vendita&quot;,&quot;term_group&quot;:0,&quot;term_taxonomy_id&quot;:367,&quot;taxonomy&quot;:&quot;department&quot;,&quot;description&quot;:&quot;&quot;,&quot;parent&quot;:0,&quot;count&quot;:10,&quot;filter&quot;:&quot;raw&quot;,&quot;term_order&quot;:&quot;44&quot;},{&quot;term_id&quot;:1387,&quot;name&quot;:&quot;Einkauf&quot;,&quot;slug&quot;:&quot;einkauf&quot;,&quot;term_group&quot;:0,&quot;term_taxonomy_id&quot;:1387,&quot;taxonomy&quot;:&quot;department&quot;,&quot;description&quot;:&quot;&quot;,&quot;parent&quot;:0,&quot;count&quot;:9,&quot;filter&quot;:&quot;raw&quot;,&quot;term_order&quot;:&quot;64&quot;}],&quot;interests&quot;:false}\">Francesca Costante<\/option>\n                                                    <option value=\"1\"\n                                    data-employee=\"{&quot;name&quot;:&quot;Bujar Molliqaj&quot;,&quot;position&quot;:&quot;Vendita&quot;,&quot;other_position&quot;:&quot;&quot;,&quot;email&quot;:&quot;bujar.molliqaj@autokunz.ch&quot;,&quot;telefon&quot;:&quot;+41 56 619 70 73&quot;,&quot;whatsapp_telefon&quot;:&quot;&quot;,&quot;languages&quot;:&quot;ch de gb al&quot;,&quot;call_back_link&quot;:&quot;&quot;,&quot;info&quot;:&quot;CH \\\/ D \\\/ E \\\/ ALB&quot;,&quot;calendar&quot;:&quot;&quot;,&quot;help_you&quot;:&quot;https:\\\/\\\/autokunz.ch\\\/app\\\/uploads\\\/2019\\\/08\\\/bujar-molliqaj-auto-kunz-ag--help-you-avatar-1.jpg&quot;,&quot;image&quot;:&quot;https:\\\/\\\/autokunz.ch\\\/app\\\/uploads\\\/2019\\\/08\\\/bujar-molliqaj-auto-kunz-ag.jpg&quot;,&quot;image_hover&quot;:&quot;&quot;,&quot;image_pdf&quot;:&quot;https:\\\/\\\/autokunz.ch\\\/app\\\/uploads\\\/2019\\\/08\\\/bujar-molliqaj-auto-kunz-ag--help-you-avatar-pdf-200.jpg&quot;,&quot;image_email&quot;:&quot;https:\\\/\\\/autokunz.ch\\\/app\\\/uploads\\\/2019\\\/08\\\/bujar-molliqaj-auto-kunz-ag--help-you-avatar-pdf-100.jpg&quot;,&quot;categories&quot;:[{&quot;term_id&quot;:367,&quot;name&quot;:&quot;Vendita&quot;,&quot;slug&quot;:&quot;vendita&quot;,&quot;term_group&quot;:0,&quot;term_taxonomy_id&quot;:367,&quot;taxonomy&quot;:&quot;department&quot;,&quot;description&quot;:&quot;&quot;,&quot;parent&quot;:0,&quot;count&quot;:10,&quot;filter&quot;:&quot;raw&quot;,&quot;term_order&quot;:&quot;44&quot;}],&quot;interests&quot;:false}\">Bujar Molliqaj<\/option>\n                                                    <option value=\"2\"\n                                    data-employee=\"{&quot;name&quot;:&quot;Nico Binzegger&quot;,&quot;position&quot;:&quot;Vendite al dettaglio in formazione&quot;,&quot;other_position&quot;:&quot;&quot;,&quot;email&quot;:&quot;nico.binzegger@autokunz.ch&quot;,&quot;telefon&quot;:&quot;+41 56 619 71 55&quot;,&quot;whatsapp_telefon&quot;:&quot;&quot;,&quot;languages&quot;:&quot;ch de gb it&quot;,&quot;call_back_link&quot;:&quot;&quot;,&quot;info&quot;:&quot;CH \\\/ D \\\/ E \\\/ IT &quot;,&quot;calendar&quot;:&quot;&quot;,&quot;help_you&quot;:&quot;https:\\\/\\\/autokunz.ch\\\/app\\\/uploads\\\/2023\\\/07\\\/nico-binzegger-auto-kunz-ag-5--help-you-avatar-1.jpg&quot;,&quot;image&quot;:&quot;https:\\\/\\\/autokunz.ch\\\/app\\\/uploads\\\/2023\\\/07\\\/nico-binzegger-auto-kunz-ag-5.jpg&quot;,&quot;image_hover&quot;:&quot;&quot;,&quot;image_pdf&quot;:&quot;https:\\\/\\\/autokunz.ch\\\/app\\\/uploads\\\/2023\\\/07\\\/nico-binzegger-auto-kunz-ag-5--help-you-avatar-pdf-200.jpg&quot;,&quot;image_email&quot;:&quot;https:\\\/\\\/autokunz.ch\\\/app\\\/uploads\\\/2023\\\/07\\\/nico-binzegger-auto-kunz-ag-5--help-you-avatar-pdf-100.jpg&quot;,&quot;categories&quot;:[{&quot;term_id&quot;:367,&quot;name&quot;:&quot;Vendita&quot;,&quot;slug&quot;:&quot;vendita&quot;,&quot;term_group&quot;:0,&quot;term_taxonomy_id&quot;:367,&quot;taxonomy&quot;:&quot;department&quot;,&quot;description&quot;:&quot;&quot;,&quot;parent&quot;:0,&quot;count&quot;:10,&quot;filter&quot;:&quot;raw&quot;,&quot;term_order&quot;:&quot;44&quot;}],&quot;interests&quot;:false}\">Nico Binzegger<\/option>\n                                                    <option value=\"3\"\n                                    data-employee=\"{&quot;name&quot;:&quot;Fabian Maurer&quot;,&quot;position&quot;:&quot;Vendita&quot;,&quot;other_position&quot;:&quot;&quot;,&quot;email&quot;:&quot;fabian.maurer@autokunz.ch&quot;,&quot;telefon&quot;:&quot;+41 56 619 70 71&quot;,&quot;whatsapp_telefon&quot;:&quot;&quot;,&quot;languages&quot;:&quot;ch de gb&quot;,&quot;call_back_link&quot;:&quot;&quot;,&quot;info&quot;:&quot;CH \\\/ D \\\/ GB&quot;,&quot;calendar&quot;:&quot;&quot;,&quot;help_you&quot;:&quot;https:\\\/\\\/autokunz.ch\\\/app\\\/uploads\\\/2024\\\/10\\\/fabian-maurer-auto-kunz-ag3--help-you-avatar-1.jpg&quot;,&quot;image&quot;:&quot;https:\\\/\\\/autokunz.ch\\\/app\\\/uploads\\\/2024\\\/10\\\/fabian-maurer-auto-kunz-ag3.jpg&quot;,&quot;image_hover&quot;:&quot;&quot;,&quot;image_pdf&quot;:&quot;https:\\\/\\\/autokunz.ch\\\/app\\\/uploads\\\/2024\\\/10\\\/fabian-maurer-auto-kunz-ag3--help-you-avatar-pdf-200.jpg&quot;,&quot;image_email&quot;:&quot;https:\\\/\\\/autokunz.ch\\\/app\\\/uploads\\\/2024\\\/10\\\/fabian-maurer-auto-kunz-ag3--help-you-avatar-pdf-100.jpg&quot;,&quot;categories&quot;:[{&quot;term_id&quot;:367,&quot;name&quot;:&quot;Vendita&quot;,&quot;slug&quot;:&quot;vendita&quot;,&quot;term_group&quot;:0,&quot;term_taxonomy_id&quot;:367,&quot;taxonomy&quot;:&quot;department&quot;,&quot;description&quot;:&quot;&quot;,&quot;parent&quot;:0,&quot;count&quot;:10,&quot;filter&quot;:&quot;raw&quot;,&quot;term_order&quot;:&quot;44&quot;}],&quot;interests&quot;:false}\">Fabian Maurer<\/option>\n                                                    <option value=\"4\"\n                                    data-employee=\"{&quot;name&quot;:&quot;Claudio Geissmann&quot;,&quot;position&quot;:&quot;Direttore vendite&quot;,&quot;other_position&quot;:&quot;&quot;,&quot;email&quot;:&quot;claudio.geissmann@autokunz.ch&quot;,&quot;telefon&quot;:&quot;+41 56 619 70 85&quot;,&quot;whatsapp_telefon&quot;:&quot;+41 76 608 84 28&quot;,&quot;languages&quot;:&quot;ch de gb fr&quot;,&quot;call_back_link&quot;:&quot;&quot;,&quot;info&quot;:&quot;CH \\\/ D \\\/ E \\\/ F &quot;,&quot;calendar&quot;:&quot;&quot;,&quot;help_you&quot;:&quot;https:\\\/\\\/autokunz.ch\\\/app\\\/uploads\\\/2023\\\/01\\\/claudio-geissmann-auto-kunz-ag3--help-you-avatar-1.jpg&quot;,&quot;image&quot;:&quot;https:\\\/\\\/autokunz.ch\\\/app\\\/uploads\\\/2023\\\/01\\\/claudio-geissmann-auto-kunz-ag3.jpg&quot;,&quot;image_hover&quot;:&quot;&quot;,&quot;image_pdf&quot;:&quot;https:\\\/\\\/autokunz.ch\\\/app\\\/uploads\\\/2023\\\/01\\\/claudio-geissmann-auto-kunz-ag3--help-you-avatar-pdf-200.jpg&quot;,&quot;image_email&quot;:&quot;https:\\\/\\\/autokunz.ch\\\/app\\\/uploads\\\/2023\\\/01\\\/claudio-geissmann-auto-kunz-ag3--help-you-avatar-pdf-100.jpg&quot;,&quot;categories&quot;:[{&quot;term_id&quot;:417,&quot;name&quot;:&quot;Management&quot;,&quot;slug&quot;:&quot;management-it&quot;,&quot;term_group&quot;:0,&quot;term_taxonomy_id&quot;:417,&quot;taxonomy&quot;:&quot;department&quot;,&quot;description&quot;:&quot;&quot;,&quot;parent&quot;:0,&quot;count&quot;:4,&quot;filter&quot;:&quot;raw&quot;,&quot;term_order&quot;:&quot;41&quot;},{&quot;term_id&quot;:367,&quot;name&quot;:&quot;Vendita&quot;,&quot;slug&quot;:&quot;vendita&quot;,&quot;term_group&quot;:0,&quot;term_taxonomy_id&quot;:367,&quot;taxonomy&quot;:&quot;department&quot;,&quot;description&quot;:&quot;&quot;,&quot;parent&quot;:0,&quot;count&quot;:10,&quot;filter&quot;:&quot;raw&quot;,&quot;term_order&quot;:&quot;44&quot;}],&quot;interests&quot;:false}\">Claudio Geissmann<\/option>\n                                                    <option value=\"5\"\n                                    data-employee=\"{&quot;name&quot;:&quot;Anna Hillebrecht&quot;,&quot;position&quot;:&quot;Vendita&quot;,&quot;other_position&quot;:&quot;&quot;,&quot;email&quot;:&quot;anna.hillebrecht@autokunz.ch&quot;,&quot;telefon&quot;:&quot;+41 56 619 71 20&quot;,&quot;whatsapp_telefon&quot;:&quot;&quot;,&quot;languages&quot;:&quot;de gb es tr az&quot;,&quot;call_back_link&quot;:&quot;&quot;,&quot;info&quot;:&quot;D \\\/ E \\\/ ES \\\/ TR \\\/ AZ&quot;,&quot;calendar&quot;:&quot;&quot;,&quot;help_you&quot;:&quot;https:\\\/\\\/autokunz.ch\\\/app\\\/uploads\\\/2024\\\/12\\\/anna-hillebrecht-auto-kunz-ag--help-you-avatar-1.jpg&quot;,&quot;image&quot;:&quot;https:\\\/\\\/autokunz.ch\\\/app\\\/uploads\\\/2024\\\/12\\\/anna-hillebrecht-auto-kunz-ag.jpg&quot;,&quot;image_hover&quot;:&quot;&quot;,&quot;image_pdf&quot;:&quot;https:\\\/\\\/autokunz.ch\\\/app\\\/uploads\\\/2024\\\/12\\\/anna-hillebrecht-auto-kunz-ag--help-you-avatar-pdf-200.jpg&quot;,&quot;image_email&quot;:&quot;https:\\\/\\\/autokunz.ch\\\/app\\\/uploads\\\/2024\\\/12\\\/anna-hillebrecht-auto-kunz-ag--help-you-avatar-pdf-100.jpg&quot;,&quot;categories&quot;:[{&quot;term_id&quot;:367,&quot;name&quot;:&quot;Vendita&quot;,&quot;slug&quot;:&quot;vendita&quot;,&quot;term_group&quot;:0,&quot;term_taxonomy_id&quot;:367,&quot;taxonomy&quot;:&quot;department&quot;,&quot;description&quot;:&quot;&quot;,&quot;parent&quot;:0,&quot;count&quot;:10,&quot;filter&quot;:&quot;raw&quot;,&quot;term_order&quot;:&quot;44&quot;}],&quot;interests&quot;:false}\">Anna Hillebrecht<\/option>\n                                                    <option value=\"6\"\n                                    data-employee=\"{&quot;name&quot;:&quot;Kutlay Islek&quot;,&quot;position&quot;:&quot;Vendita&quot;,&quot;other_position&quot;:&quot;&quot;,&quot;email&quot;:&quot;kutlay.islek@autokunz.ch&quot;,&quot;telefon&quot;:&quot;+41 56 619 70 74&quot;,&quot;whatsapp_telefon&quot;:&quot;&quot;,&quot;languages&quot;:&quot;ch de gb it tr&quot;,&quot;call_back_link&quot;:&quot;&quot;,&quot;info&quot;:&quot;CH \\\/ D \\\/ E \\\/ I \\\/ TR&quot;,&quot;calendar&quot;:&quot;&quot;,&quot;help_you&quot;:&quot;https:\\\/\\\/autokunz.ch\\\/app\\\/uploads\\\/2019\\\/08\\\/kutlay-islek-auto-kunz-ag--help-you-avatar-1.jpg&quot;,&quot;image&quot;:&quot;https:\\\/\\\/autokunz.ch\\\/app\\\/uploads\\\/2019\\\/08\\\/kutlay-islek-auto-kunz-ag.jpg&quot;,&quot;image_hover&quot;:&quot;&quot;,&quot;image_pdf&quot;:&quot;https:\\\/\\\/autokunz.ch\\\/app\\\/uploads\\\/2019\\\/08\\\/kutlay-islek-auto-kunz-ag--help-you-avatar-pdf-200.jpg&quot;,&quot;image_email&quot;:&quot;https:\\\/\\\/autokunz.ch\\\/app\\\/uploads\\\/2019\\\/08\\\/kutlay-islek-auto-kunz-ag--help-you-avatar-pdf-100.jpg&quot;,&quot;categories&quot;:[{&quot;term_id&quot;:367,&quot;name&quot;:&quot;Vendita&quot;,&quot;slug&quot;:&quot;vendita&quot;,&quot;term_group&quot;:0,&quot;term_taxonomy_id&quot;:367,&quot;taxonomy&quot;:&quot;department&quot;,&quot;description&quot;:&quot;&quot;,&quot;parent&quot;:0,&quot;count&quot;:10,&quot;filter&quot;:&quot;raw&quot;,&quot;term_order&quot;:&quot;44&quot;}],&quot;interests&quot;:false}\">Kutlay Islek<\/option>\n                                                    <option value=\"7\"\n                                    data-employee=\"{&quot;name&quot;:&quot;Carla Vicedomini&quot;,&quot;position&quot;:&quot;Consulente clienti abbonamento auto &quot;,&quot;other_position&quot;:&quot;&quot;,&quot;email&quot;:&quot;carla.vicedomini@autokunz.ch&quot;,&quot;telefon&quot;:&quot;+41 56 619 70 89&quot;,&quot;whatsapp_telefon&quot;:&quot;&quot;,&quot;languages&quot;:&quot;ch de gb fr it&quot;,&quot;call_back_link&quot;:&quot;&quot;,&quot;info&quot;:&quot;CH \\\/ D \\\/ E \\\/ F \\\/ I&quot;,&quot;calendar&quot;:&quot;&quot;,&quot;help_you&quot;:&quot;https:\\\/\\\/autokunz.ch\\\/app\\\/uploads\\\/2019\\\/08\\\/carla-vicedomini-auto-kunz-ag--help-you-avatar-1.jpg&quot;,&quot;image&quot;:&quot;https:\\\/\\\/autokunz.ch\\\/app\\\/uploads\\\/2019\\\/08\\\/carla-vicedomini-auto-kunz-ag.jpg&quot;,&quot;image_hover&quot;:&quot;&quot;,&quot;image_pdf&quot;:&quot;https:\\\/\\\/autokunz.ch\\\/app\\\/uploads\\\/2019\\\/08\\\/carla-vicedomini-auto-kunz-ag--help-you-avatar-pdf-200.jpg&quot;,&quot;image_email&quot;:&quot;https:\\\/\\\/autokunz.ch\\\/app\\\/uploads\\\/2019\\\/08\\\/carla-vicedomini-auto-kunz-ag--help-you-avatar-pdf-100.jpg&quot;,&quot;categories&quot;:[{&quot;term_id&quot;:367,&quot;name&quot;:&quot;Vendita&quot;,&quot;slug&quot;:&quot;vendita&quot;,&quot;term_group&quot;:0,&quot;term_taxonomy_id&quot;:367,&quot;taxonomy&quot;:&quot;department&quot;,&quot;description&quot;:&quot;&quot;,&quot;parent&quot;:0,&quot;count&quot;:10,&quot;filter&quot;:&quot;raw&quot;,&quot;term_order&quot;:&quot;44&quot;}],&quot;interests&quot;:false}\">Carla Vicedomini<\/option>\n                                                    <option value=\"8\"\n                                    data-employee=\"{&quot;name&quot;:&quot;Jeannine Breitschmid&quot;,&quot;position&quot;:&quot;Backoffice vendita&quot;,&quot;other_position&quot;:&quot;&quot;,&quot;email&quot;:&quot;jeannine.breitschmid@autokunz.ch&quot;,&quot;telefon&quot;:&quot;+41 56 619 71 54&quot;,&quot;whatsapp_telefon&quot;:&quot;&quot;,&quot;languages&quot;:&quot;ch de gb fr it&quot;,&quot;call_back_link&quot;:&quot;&quot;,&quot;info&quot;:&quot;CH \\\/ D \\\/ E \\\/ F \\\/ I&quot;,&quot;calendar&quot;:&quot;&quot;,&quot;help_you&quot;:&quot;https:\\\/\\\/autokunz.ch\\\/app\\\/uploads\\\/2019\\\/08\\\/jeannine-breitschmid-auto-kunz-ag--help-you-avatar-1.jpg&quot;,&quot;image&quot;:&quot;https:\\\/\\\/autokunz.ch\\\/app\\\/uploads\\\/2019\\\/08\\\/jeannine-breitschmid-auto-kunz-ag.jpg&quot;,&quot;image_hover&quot;:&quot;&quot;,&quot;image_pdf&quot;:&quot;https:\\\/\\\/autokunz.ch\\\/app\\\/uploads\\\/2019\\\/08\\\/jeannine-breitschmid-auto-kunz-ag--help-you-avatar-pdf-200.jpg&quot;,&quot;image_email&quot;:&quot;https:\\\/\\\/autokunz.ch\\\/app\\\/uploads\\\/2019\\\/08\\\/jeannine-breitschmid-auto-kunz-ag--help-you-avatar-pdf-100.jpg&quot;,&quot;categories&quot;:[{&quot;term_id&quot;:367,&quot;name&quot;:&quot;Vendita&quot;,&quot;slug&quot;:&quot;vendita&quot;,&quot;term_group&quot;:0,&quot;term_taxonomy_id&quot;:367,&quot;taxonomy&quot;:&quot;department&quot;,&quot;description&quot;:&quot;&quot;,&quot;parent&quot;:0,&quot;count&quot;:10,&quot;filter&quot;:&quot;raw&quot;,&quot;term_order&quot;:&quot;44&quot;}],&quot;interests&quot;:false}\">Jeannine Breitschmid<\/option>\n                                                    <option value=\"9\"\n                                    data-employee=\"{&quot;name&quot;:&quot;Brian Hagi&quot;,&quot;position&quot;:&quot;Vendita&quot;,&quot;other_position&quot;:&quot;&quot;,&quot;email&quot;:&quot;brian.hagi@autokunz.ch&quot;,&quot;telefon&quot;:&quot;+41 56 619 71 58&quot;,&quot;whatsapp_telefon&quot;:&quot;&quot;,&quot;languages&quot;:&quot;ch de gb it es fr&quot;,&quot;call_back_link&quot;:&quot;&quot;,&quot;info&quot;:&quot;CH \\\/ D \\\/ E \\\/ IT \\\/ ES \\\/ F&quot;,&quot;calendar&quot;:&quot;&quot;,&quot;help_you&quot;:&quot;https:\\\/\\\/autokunz.ch\\\/app\\\/uploads\\\/2023\\\/03\\\/michel-alborghetti-auto-kunz-ag1--help-you-avatar-1.jpg&quot;,&quot;image&quot;:&quot;https:\\\/\\\/autokunz.ch\\\/app\\\/uploads\\\/2023\\\/03\\\/michel-alborghetti-auto-kunz-ag1.jpg&quot;,&quot;image_hover&quot;:&quot;&quot;,&quot;image_pdf&quot;:&quot;https:\\\/\\\/autokunz.ch\\\/app\\\/uploads\\\/2023\\\/03\\\/michel-alborghetti-auto-kunz-ag1--help-you-avatar-pdf-200.jpg&quot;,&quot;image_email&quot;:&quot;https:\\\/\\\/autokunz.ch\\\/app\\\/uploads\\\/2023\\\/03\\\/michel-alborghetti-auto-kunz-ag1--help-you-avatar-pdf-100.jpg&quot;,&quot;categories&quot;:[{&quot;term_id&quot;:367,&quot;name&quot;:&quot;Vendita&quot;,&quot;slug&quot;:&quot;vendita&quot;,&quot;term_group&quot;:0,&quot;term_taxonomy_id&quot;:367,&quot;taxonomy&quot;:&quot;department&quot;,&quot;description&quot;:&quot;&quot;,&quot;parent&quot;:0,&quot;count&quot;:10,&quot;filter&quot;:&quot;raw&quot;,&quot;term_order&quot;:&quot;44&quot;}],&quot;interests&quot;:false}\">Brian Hagi<\/option>\n                                            <\/select>\n                    <p>\n                        <strong class=\"d-block help-you__name\">Nico Binzegger<\/strong>\n                        <span class=\"help-you__position\">Vendite al dettaglio in formazione<\/span>\n                        <br>\n                        <div class=\"help-you__info\">\n                                                                                            <span class=\"flag-icon flag-icon-ch skip-lazy\" style=\"background-image: url(https:\/\/autokunz.ch\/app\/themes\/autokunz2\/resources\/assets\/images\/flags\/4x3\/ch.svg)\"><\/span>\n                                                                                            <span class=\"flag-icon flag-icon-de skip-lazy\" style=\"background-image: url(https:\/\/autokunz.ch\/app\/themes\/autokunz2\/resources\/assets\/images\/flags\/4x3\/de.svg)\"><\/span>\n                                                                                            <span class=\"flag-icon flag-icon-gb skip-lazy\" style=\"background-image: url(https:\/\/autokunz.ch\/app\/themes\/autokunz2\/resources\/assets\/images\/flags\/4x3\/gb.svg)\"><\/span>\n                                                                                            <span class=\"flag-icon flag-icon-it skip-lazy\" style=\"background-image: url(https:\/\/autokunz.ch\/app\/themes\/autokunz2\/resources\/assets\/images\/flags\/4x3\/it.svg)\"><\/span>\n                                                    <\/div>\n                    <\/p>\n                    <div class=\"primary-cube-icons d-flex justify-content-start\">\n                        <a href=\"mailto:nico.binzegger@autokunz.ch\"\n                           class=\"help-you__email mr-2 square-button square-button--primary\" >\n                            <i class=\"material-icons\">mail_outline<\/i>\n                        <\/a>\n                                                <a href=\"tel:+41566197155\"\n                           class=\"help-you__telefon mr-2 square-button square-button--primary\" >\n                            <i class=\"material-icons\">phone<\/i>\n                        <\/a>\n                        <a href=\"\"\n                           class=\"help-you__call-back-link mr-2 square-button square-button--primary\" style=\"display: none !important\">\n                            <img decoding=\"async\" src=\"https:\/\/autokunz.ch\/app\/themes\/autokunz2\/resources\/assets\/images\/icons\/call-back-icon.svg\" class=\"img-fluid\"\n                                 width=\"36px\" height=\"36px\" alt=\"Call back icon\"><\/a>\n\n                        \n\n                        \n                        \n                        \n\n                        <a href=\"https:\/\/wa.me\/?text=Hallo Auto Kunz, ich interessiere mich f\u00fcr...\"\n                           target=\"_blank\"\n                           class=\"help-you__whatsapp_telefon mr-2\" style=\"display: none !important\">\n                            <img decoding=\"async\" src=\"https:\/\/autokunz.ch\/app\/themes\/autokunz2\/resources\/assets\/images\/icons\/whatsapp_logo_v2.webp\" width=\"36px\" height=\"36px\"\n                                 alt=\"WhatsApp\">\n                        <\/a>\n\n                        <a href=\"\"\n                           class=\"help-you__calendar mr-2 square-button square-button--calendar\" style=\"display: none !important\"><\/a>\n                    <\/div>\n                <\/div>\n            <\/div>\n        <\/div>\n    <\/div>\n    \n<\/div>\n<\/div>\n\n\n\n<div style=\"height:35px\" aria-hidden=\"true\" class=\"wp-block-spacer\"><\/div>\n\n\n\n<p>Solo la nostra ditta offre il prodotto con un diritto di restituzione. Che lei acquisti un&#8217;auto nuova o usata, le viene comunque concesso gratuitamente il diritto di restituzione. Non lo trover\u00e0 da nessun&#8217;altra parte. Se non \u00e8 soddisfatto, deve semplicemente sostituire la sua auto. <\/p>\n\n\n\n<p>Pu\u00f2 farlo per 1 mese o massimo entro 2&#8217;000 chilometri. Esista una franchigia del 3,9% per lei. \u00c8 quello che noi chiamiamo acquisto senza rischio! Anche il nuovo prodotto <a href=\"https:\/\/autokunz.ch\/it\/autos-2\/auto-abo-e-trasporto-pubblico\/#filter=%7B%7D&amp;sorting=a-z&amp;page=1&amp;display=purchase\">try &amp; buy<\/a> per molte nuove auto non ha eguali! Da noi pu\u00f2 trovare tutto: auto piccola, media grande, SUV o anche cabrio.<\/p>\n<\/div>\n<\/div>\n\n\n\n<hr class=\"wp-block-separator has-css-opacity\"\/>\n\n\n\n<div class=\"wp-block-columns has-2-columns is-layout-flex wp-container-core-columns-is-layout-9d6595d7 wp-block-columns-is-layout-flex\">\n<div class=\"wp-block-column is-layout-flow wp-block-column-is-layout-flow\">\n<h6 class=\"wp-block-heading\"> <strong>Auto nuova<\/strong><\/h6>\n\n\n\n<p>I nostri servizi top per lei e la sua nuova auto:<\/p>\n\n\n\n<ul class=\"wp-block-list\">\n<li>garanzia di fabbrica fino a 10 anni (a seconda del modello)<\/li>\n\n\n\n<li>soccorso stradale<\/li>\n\n\n\n<li>diritto di restituzione<\/li>\n<\/ul>\n\n\n\n<div class=\"wp-block-button is-style-button--text-primary\"><a class=\"wp-block-button__link wp-element-button\" href=\"https:\/\/autokunz.ch\/it\/autos-2\/auto-nuove\/#filter=%7B%7D&amp;sorting=a-z&amp;page=1&amp;display=purchase\">continua a leggere<\/a><\/div>\n<\/div>\n\n\n\n<div class=\"wp-block-column is-layout-flow wp-block-column-is-layout-flow\">\n<figure class=\"wp-block-image size-large\"><img decoding=\"async\" width=\"1366\" height=\"956\" src=\"https:\/\/autokunz.ch\/app\/uploads\/2023\/02\/haeufig-gestellte-fragen-faq-auto-kunz-ag-3-1366x956.jpg\" alt=\"\" class=\"wp-image-3965982\" srcset=\"https:\/\/autokunz.ch\/app\/uploads\/2023\/02\/haeufig-gestellte-fragen-faq-auto-kunz-ag-3-1366x956.jpg 1366w, https:\/\/autokunz.ch\/app\/uploads\/2023\/02\/haeufig-gestellte-fragen-faq-auto-kunz-ag-3-504x353.jpg 504w, https:\/\/autokunz.ch\/app\/uploads\/2023\/02\/haeufig-gestellte-fragen-faq-auto-kunz-ag-3-768x538.jpg 768w, https:\/\/autokunz.ch\/app\/uploads\/2023\/02\/haeufig-gestellte-fragen-faq-auto-kunz-ag-3-1536x1075.jpg 1536w, https:\/\/autokunz.ch\/app\/uploads\/2023\/02\/haeufig-gestellte-fragen-faq-auto-kunz-ag-3.jpg 1920w\" sizes=\"(max-width: 1366px) 100vw, 1366px\" \/><\/figure>\n<\/div>\n<\/div>\n\n\n\n<hr class=\"wp-block-separator has-css-opacity\"\/>\n\n\n\n<div class=\"wp-block-columns has-2-columns is-layout-flex wp-container-core-columns-is-layout-9d6595d7 wp-block-columns-is-layout-flex\">\n<div class=\"wp-block-column is-layout-flow wp-block-column-is-layout-flow\">\n<figure class=\"wp-block-image size-large\"><img decoding=\"async\" width=\"1366\" height=\"911\" src=\"https:\/\/autokunz.ch\/app\/uploads\/2021\/12\/Kunz_Aussenaufnahmen_1_24-1366x911.jpg\" alt=\"\" class=\"wp-image-2847145\" srcset=\"https:\/\/autokunz.ch\/app\/uploads\/2021\/12\/Kunz_Aussenaufnahmen_1_24-1366x911.jpg 1366w, https:\/\/autokunz.ch\/app\/uploads\/2021\/12\/Kunz_Aussenaufnahmen_1_24-530x353.jpg 530w, https:\/\/autokunz.ch\/app\/uploads\/2021\/12\/Kunz_Aussenaufnahmen_1_24-297x197.jpg 297w, https:\/\/autokunz.ch\/app\/uploads\/2021\/12\/Kunz_Aussenaufnahmen_1_24-768x512.jpg 768w, https:\/\/autokunz.ch\/app\/uploads\/2021\/12\/Kunz_Aussenaufnahmen_1_24-1536x1024.jpg 1536w, https:\/\/autokunz.ch\/app\/uploads\/2021\/12\/Kunz_Aussenaufnahmen_1_24.jpg 1920w\" sizes=\"(max-width: 1366px) 100vw, 1366px\" \/><\/figure>\n<\/div>\n\n\n\n<div class=\"wp-block-column is-layout-flow wp-block-column-is-layout-flow\">\n<h6 class=\"wp-block-heading\"><strong>Vetture usate<\/strong><\/h6>\n\n\n\n<p>Tra la nastra ampia gamma di veicoli trova sempre oltre 100 auto usate a magazzino. Un altro migliaio di offerte \u00e8 disponibile nei nostri <a href=\"https:\/\/autokunz.ch\/it\/autos-2\/stock-eu\/\">stock dell&#8217;EU<\/a>.<\/p>\n\n\n\n<p>Acquistando un&#8217;auto usata da noi non corre rischi. Tutto il nostro usato \u00e8 garantito senza incidenti e viene sottoposto a 100 punti di controllo. <a href=\"https:\/\/autokunz.ch\/it\/assistenza\/pacchetto-occasione\/\">Diritto di restituzione compreso.<\/a><\/p>\n\n\n\n<div class=\"wp-block-button is-style-button--text-primary\"><a class=\"wp-block-button__link wp-element-button\" href=\"https:\/\/autokunz.ch\/it\/autos-2\/vetture-usate\/#filter=%7B%7D&amp;sorting=a-z&amp;page=1&amp;display=purchase\"> continua a leggere<\/a><\/div>\n<\/div>\n<\/div>\n\n\n\n<hr class=\"wp-block-separator has-css-opacity\"\/>\n\n\n\n<div class=\"wp-block-columns has-2-columns is-layout-flex wp-container-core-columns-is-layout-9d6595d7 wp-block-columns-is-layout-flex\">\n<div class=\"wp-block-column is-layout-flow wp-block-column-is-layout-flow\">\n<h6 class=\"wp-block-heading\">C<strong>onfiguratore<\/strong><\/h6>\n\n\n\n<p>Crei la sua auto con il nostro configuratore per auto nuove online e in un attimo potr\u00e0 confrontare i prezzi .<\/p>\n\n\n\n<p>Il nostro configuratore confronta entro 10 secondi i prezzi in un massimo di 28 paesi e stabilisce la migliore offerta per lei. Davvero unico. Cos\u00ec pu\u00f2 ottenere l&#8217;auto che desidera e del colore prescelto. Quando fare gli ordini in fabbrica \u00e8 davvero un piacere..  <\/p>\n\n\n\n<div class=\"wp-block-button is-style-button--text-primary\"><a class=\"wp-block-button__link wp-element-button\" href=\"https:\/\/autokunz.ch\/it\/autos-2\/configuratore\/\"> continua a leggere <\/a><\/div>\n<\/div>\n\n\n\n<div class=\"wp-block-column is-layout-flow wp-block-column-is-layout-flow\">\n<figure class=\"wp-block-image size-full\"><img decoding=\"async\" width=\"1273\" height=\"823\" src=\"https:\/\/autokunz.ch\/app\/uploads\/2021\/12\/KOnfigurator.jpg\" alt=\"\" class=\"wp-image-2847180\" srcset=\"https:\/\/autokunz.ch\/app\/uploads\/2021\/12\/KOnfigurator.jpg 1273w, https:\/\/autokunz.ch\/app\/uploads\/2021\/12\/KOnfigurator-546x353.jpg 546w, https:\/\/autokunz.ch\/app\/uploads\/2021\/12\/KOnfigurator-768x497.jpg 768w\" sizes=\"(max-width: 1273px) 100vw, 1273px\" \/><figcaption class=\"wp-element-caption\">robots welding in an automobile factory<\/figcaption><\/figure>\n<\/div>\n<\/div>\n\n\n\n<hr class=\"wp-block-separator has-css-opacity\"\/>\n\n\n\n<div class=\"wp-block-columns has-2-columns is-layout-flex wp-container-core-columns-is-layout-9d6595d7 wp-block-columns-is-layout-flex\">\n<div class=\"wp-block-column is-layout-flow wp-block-column-is-layout-flow\">\n<figure class=\"wp-block-image\"><img decoding=\"async\" width=\"1366\" height=\"768\" src=\"https:\/\/autokunz.ch\/app\/uploads\/2019\/08\/auto-334-1366x768.jpg\" alt=\"Auto - Auto Kunz AG 343\" class=\"wp-image-7913\" srcset=\"https:\/\/autokunz.ch\/app\/uploads\/2019\/08\/auto-334-1366x768.jpg 1366w, https:\/\/autokunz.ch\/app\/uploads\/2019\/08\/auto-334-627x353.jpg 627w, https:\/\/autokunz.ch\/app\/uploads\/2019\/08\/auto-334-768x432.jpg 768w, https:\/\/autokunz.ch\/app\/uploads\/2019\/08\/auto-334.jpg 1536w\" sizes=\"(max-width: 1366px) 100vw, 1366px\" \/><\/figure>\n<\/div>\n\n\n\n<div class=\"wp-block-column is-layout-flow wp-block-column-is-layout-flow\">\n<h6 class=\"wp-block-heading\"><strong>Magazzini EU &#8211; un altro magazzino da 20\u2019000 auto<\/strong><\/h6>\n\n\n\n<p>Nei nostri magazzini all&#8217;estero e presso i nostri fornitori normalmente sono disponibili, oltre alle 500 auto in pronta consegna, altre 20\u2019000 auto su richiesta. Cerchi nella nostra offerta a magazzino e se non trova nulla che fa al caso suo, cerchi ulteriormente qui. <\/p>\n\n\n\n<p>Probabilmente si tratta della pi\u00f9 vasta offerta di veicoli che gli automobilisti svizzeri possono trovare online. Tutti i nostri prezzi s&#8217;intendono in franchi svizzeri per auto sdoganata, tassata, consegnata sul posto e immatricolata inclusa l&#8217;indicazione C02. <\/p>\n\n\n\n<div class=\"wp-block-button is-style-button--text-primary\"><a class=\"wp-block-button__link wp-element-button\" href=\"https:\/\/autokunz.ch\/it\/autos-2\/stock-eu\/\"> continua a leggere<\/a><\/div>\n<\/div>\n<\/div>\n\n\n\n<hr class=\"wp-block-separator has-css-opacity\"\/>\n\n\n\n<div class=\"wp-block-columns has-2-columns is-layout-flex wp-container-core-columns-is-layout-9d6595d7 wp-block-columns-is-layout-flex\">\n<div class=\"wp-block-column is-layout-flow wp-block-column-is-layout-flow\">\n<figure class=\"wp-block-image size-large\"><img decoding=\"async\" width=\"1366\" height=\"911\" src=\"https:\/\/autokunz.ch\/app\/uploads\/2023\/01\/hybrid-und-elektroautos-auto-kunz-ag-1366x911.jpg\" alt=\"Ecologica, Ibrida, Elettrica - Auto Kunz AG mit den schweizweit tiefsten Preisen 4\" class=\"wp-image-3925160\" srcset=\"https:\/\/autokunz.ch\/app\/uploads\/2023\/01\/hybrid-und-elektroautos-auto-kunz-ag-1366x911.jpg 1366w, https:\/\/autokunz.ch\/app\/uploads\/2023\/01\/hybrid-und-elektroautos-auto-kunz-ag-530x353.jpg 530w, https:\/\/autokunz.ch\/app\/uploads\/2023\/01\/hybrid-und-elektroautos-auto-kunz-ag-297x197.jpg 297w, https:\/\/autokunz.ch\/app\/uploads\/2023\/01\/hybrid-und-elektroautos-auto-kunz-ag-768x512.jpg 768w, https:\/\/autokunz.ch\/app\/uploads\/2023\/01\/hybrid-und-elektroautos-auto-kunz-ag-1536x1024.jpg 1536w, https:\/\/autokunz.ch\/app\/uploads\/2023\/01\/hybrid-und-elektroautos-auto-kunz-ag.jpg 1920w\" sizes=\"(max-width: 1366px) 100vw, 1366px\" \/><\/figure>\n\n\n\n<p><\/p>\n<\/div>\n\n\n\n<div class=\"wp-block-column is-layout-flow wp-block-column-is-layout-flow\">\n<h6 class=\"wp-block-heading\"><strong>ECO-Auto<\/strong><\/h6>\n\n\n\n<p>Con questa label lei riceve da Auto Kunz AG dei veicoli che sono particolarmente ecologici dal punto di vista tecnologico e\/o che consumano poco; tra questi ci sono auto con motori a combustione moderni, propulsioni alternative, auto ibride e auto elettriche. <\/p>\n\n\n\n<div class=\"wp-block-button is-style-button--text-primary\"><a class=\"wp-block-button__link wp-element-button\" href=\"https:\/\/autokunz.ch\/it\/autos-2\/ecologica-ibrida-elettrica\/#filter=%7B%7D&amp;sorting=a-z&amp;page=1&amp;display=purchase\">continua al leggere<\/a><\/div>\n<\/div>\n<\/div>\n\n\n\n<hr class=\"wp-block-separator has-css-opacity\"\/>\n\n\n\n<div class=\"wp-block-columns has-2-columns is-layout-flex wp-container-core-columns-is-layout-9d6595d7 wp-block-columns-is-layout-flex\">\n<div class=\"wp-block-column is-layout-flow wp-block-column-is-layout-flow\">\n<figure class=\"wp-block-image size-large\"><img decoding=\"async\" width=\"1366\" height=\"911\" src=\"https:\/\/autokunz.ch\/app\/uploads\/2021\/12\/Kunz_Portraits_2_32-1366x911.jpg\" alt=\"\" class=\"wp-image-2847175\" srcset=\"https:\/\/autokunz.ch\/app\/uploads\/2021\/12\/Kunz_Portraits_2_32-1366x911.jpg 1366w, https:\/\/autokunz.ch\/app\/uploads\/2021\/12\/Kunz_Portraits_2_32-530x353.jpg 530w, https:\/\/autokunz.ch\/app\/uploads\/2021\/12\/Kunz_Portraits_2_32-297x197.jpg 297w, https:\/\/autokunz.ch\/app\/uploads\/2021\/12\/Kunz_Portraits_2_32-768x512.jpg 768w, https:\/\/autokunz.ch\/app\/uploads\/2021\/12\/Kunz_Portraits_2_32-1536x1024.jpg 1536w, https:\/\/autokunz.ch\/app\/uploads\/2021\/12\/Kunz_Portraits_2_32.jpg 1920w\" sizes=\"(max-width: 1366px) 100vw, 1366px\" \/><\/figure>\n<\/div>\n\n\n\n<div class=\"wp-block-column is-layout-flow wp-block-column-is-layout-flow\">\n<h6 class=\"wp-block-heading\"><strong>Compravendita auto <\/strong><\/h6>\n\n\n\n<p>Desidera vendere la sua auto? Saremo lieti di sottoporle un&#8217;offerta equa. Non deve fare altro che registrare tutti i dati pi\u00f9 importanti nel nostro modulo di contatto per la compravendita! <\/p>\n\n\n\n<p>O ancora meglio fissi un appuntamento online e venga a farci visita. Se troveremo un accordo, potr\u00e0 decidere di lasciare immediatamente la sua auto presso di noi e venire pagato subito. Nessuna trattativa di vendita impegnativa, annunci costosi, discussioni sulle garanzie per il futuro, recupero del denaro: pu\u00f2 risparmiarsi tutto questo se affida a noi la compravendita della sua auto. <\/p>\n\n\n\n<p>E saremo noi ad occuparci di tutta la burocrazia. Ossia rilasciare la targa dell&#8217;auto, annullare il documento, informare l&#8217;assicurazione, ecc. \u00c8 ci\u00f2 che noi chiamiamo semplicit\u00e0.&nbsp;&nbsp;&nbsp;&nbsp;&nbsp;&nbsp;&nbsp;&nbsp;&nbsp;&nbsp; <\/p>\n\n\n\n<div class=\"wp-block-button is-style-button--text-primary\"><a class=\"wp-block-button__link wp-element-button\" href=\"https:\/\/autokunz.ch\/it\/autos-2\/compravendita\/\">continua a leggere<\/a><\/div>\n<\/div>\n<\/div>\n\n\n<div class=\"container\">\n    <div class=\"row\">\n        <div class=\"col-12 brand brand-container\">\n            <div class=\"row justify-content-center justify-content-xl-start\">\n                                            <div class=\"brand__item col d-flex align-items-center justify-content-start\">\n                            <a href=\"https:\/\/autokunz.ch\/it\/autos\/#filter=%7B%22brand%22%3A%5B%22alfa-romeo%22%5D%7D\"\n                                                            class=\"brand__link link--no-style my-3 d-flex align-items-center justify-content-center\">\n                                <div class=\"brand__image\"\n                                     style=\"background-image: url('https:\/\/autokunz.ch\/app\/uploads\/2019\/09\/alfa-romeo-auto-kunz-ag.svg');\">&nbsp;\n                                <\/div>\n                                                        <\/a>\n\n                        <\/div>\n                                            <div class=\"brand__item col d-flex align-items-center justify-content-start\">\n                            <a href=\"https:\/\/autokunz.ch\/it\/autos\/#filter=%7B%22brand%22%3A%5B%22alpine%22%5D%7D\"\n                                                           class=\"brand__link link--color-primary m-3 d-flex align-items-center justify-content-center\">\n                                <p class=\"brand__name mb-0 text-center\">ALPINE<\/p>\n                                                        <\/a>\n\n                        <\/div>\n                                            <div class=\"brand__item col d-flex align-items-center justify-content-start\">\n                            <a href=\"https:\/\/autokunz.ch\/it\/autos\/#filter=%7B%22brand%22%3A%5B%22audi%22%5D%7D\"\n                                                            class=\"brand__link link--no-style my-3 d-flex align-items-center justify-content-center\">\n                                <div class=\"brand__image\"\n                                     style=\"background-image: url('https:\/\/autokunz.ch\/app\/uploads\/2019\/08\/audi-auto-kunz-ag.svg');\">&nbsp;\n                                <\/div>\n                                                        <\/a>\n\n                        <\/div>\n                                            <div class=\"brand__item col d-flex align-items-center justify-content-start\">\n                            <a href=\"https:\/\/autokunz.ch\/it\/autos\/#filter=%7B%22brand%22%3A%5B%22bmw%22%5D%7D\"\n                                                            class=\"brand__link link--no-style my-3 d-flex align-items-center justify-content-center\">\n                                <div class=\"brand__image\"\n                                     style=\"background-image: url('https:\/\/autokunz.ch\/app\/uploads\/2019\/08\/bmw-auto-kunz-ag.svg');\">&nbsp;\n                                <\/div>\n                                                        <\/a>\n\n                        <\/div>\n                                            <div class=\"brand__item col d-flex align-items-center justify-content-start\">\n                            <a href=\"https:\/\/autokunz.ch\/it\/autos\/#filter=%7B%22brand%22%3A%5B%22byd%22%5D%7D\"\n                                                           class=\"brand__link link--color-primary m-3 d-flex align-items-center justify-content-center\">\n                                <p class=\"brand__name mb-0 text-center\">BYD<\/p>\n                                                        <\/a>\n\n                        <\/div>\n                                            <div class=\"brand__item col d-flex align-items-center justify-content-start\">\n                            <a href=\"https:\/\/autokunz.ch\/it\/autos\/#filter=%7B%22brand%22%3A%5B%22cadillac%22%5D%7D\"\n                                                            class=\"brand__link link--no-style my-3 d-flex align-items-center justify-content-center\">\n                                <div class=\"brand__image\"\n                                     style=\"background-image: url('https:\/\/autokunz.ch\/app\/uploads\/2019\/08\/cadillac-auto-kunz-ag.png');\">&nbsp;\n                                <\/div>\n                                                        <\/a>\n\n                        <\/div>\n                                            <div class=\"brand__item col d-flex align-items-center justify-content-start\">\n                            <a href=\"https:\/\/autokunz.ch\/it\/autos\/#filter=%7B%22brand%22%3A%5B%22cenntro%22%5D%7D\"\n                                                            class=\"brand__link link--no-style my-3 d-flex align-items-center justify-content-center\">\n                                <div class=\"brand__image\"\n                                     style=\"background-image: url('https:\/\/autokunz.ch\/app\/uploads\/2023\/03\/cenntro.png');\">&nbsp;\n                                <\/div>\n                                                        <\/a>\n\n                        <\/div>\n                                            <div class=\"brand__item col d-flex align-items-center justify-content-start\">\n                            <a href=\"https:\/\/autokunz.ch\/it\/autos\/#filter=%7B%22brand%22%3A%5B%22chevrolet%22%5D%7D\"\n                                                            class=\"brand__link link--no-style my-3 d-flex align-items-center justify-content-center\">\n                                <div class=\"brand__image\"\n                                     style=\"background-image: url('https:\/\/autokunz.ch\/app\/uploads\/2019\/08\/chevrolet-auto-kunz-ag.svg');\">&nbsp;\n                                <\/div>\n                                                        <\/a>\n\n                        <\/div>\n                                            <div class=\"brand__item col d-flex align-items-center justify-content-start\">\n                            <a href=\"https:\/\/autokunz.ch\/it\/autos\/#filter=%7B%22brand%22%3A%5B%22citroen%22%5D%7D\"\n                                                            class=\"brand__link link--no-style my-3 d-flex align-items-center justify-content-center\">\n                                <div class=\"brand__image\"\n                                     style=\"background-image: url('https:\/\/autokunz.ch\/app\/uploads\/2019\/08\/citroen-auto-kunz-ag.svg');\">&nbsp;\n                                <\/div>\n                                                        <\/a>\n\n                        <\/div>\n                                            <div class=\"brand__item col d-flex align-items-center justify-content-start\">\n                            <a href=\"https:\/\/autokunz.ch\/it\/autos\/#filter=%7B%22brand%22%3A%5B%22cupra%22%5D%7D\"\n                                                            class=\"brand__link link--no-style my-3 d-flex align-items-center justify-content-center\">\n                                <div class=\"brand__image\"\n                                     style=\"background-image: url('https:\/\/autokunz.ch\/app\/uploads\/2019\/10\/cupra-auto-kunz-ag.svg');\">&nbsp;\n                                <\/div>\n                                                        <\/a>\n\n                        <\/div>\n                                            <div class=\"brand__item col d-flex align-items-center justify-content-start\">\n                            <a href=\"https:\/\/autokunz.ch\/it\/autos\/#filter=%7B%22brand%22%3A%5B%22ds%22%5D%7D\"\n                                                           class=\"brand__link link--color-primary m-3 d-flex align-items-center justify-content-center\">\n                                <p class=\"brand__name mb-0 text-center\">DS<\/p>\n                                                        <\/a>\n\n                        <\/div>\n                                            <div class=\"brand__item col d-flex align-items-center justify-content-start\">\n                            <a href=\"https:\/\/autokunz.ch\/it\/autos\/#filter=%7B%22brand%22%3A%5B%22ds-automobiles%22%5D%7D\"\n                                                           class=\"brand__link link--color-primary m-3 d-flex align-items-center justify-content-center\">\n                                <p class=\"brand__name mb-0 text-center\">DS AUTOMOBILES<\/p>\n                                                        <\/a>\n\n                        <\/div>\n                                            <div class=\"brand__item col d-flex align-items-center justify-content-start\">\n                            <a href=\"https:\/\/autokunz.ch\/it\/autos\/#filter=%7B%22brand%22%3A%5B%22ferrari%22%5D%7D\"\n                                                            class=\"brand__link link--no-style my-3 d-flex align-items-center justify-content-center\">\n                                <div class=\"brand__image\"\n                                     style=\"background-image: url('https:\/\/autokunz.ch\/app\/uploads\/2019\/09\/ferrari-auto-kunz-ag.svg');\">&nbsp;\n                                <\/div>\n                                                        <\/a>\n\n                        <\/div>\n                                            <div class=\"brand__item col d-flex align-items-center justify-content-start\">\n                            <a href=\"https:\/\/autokunz.ch\/it\/autos\/#filter=%7B%22brand%22%3A%5B%22fiat%22%5D%7D\"\n                                                            class=\"brand__link link--no-style my-3 d-flex align-items-center justify-content-center\">\n                                <div class=\"brand__image\"\n                                     style=\"background-image: url('https:\/\/autokunz.ch\/app\/uploads\/2019\/08\/fiat-auto-kunz-ag.svg');\">&nbsp;\n                                <\/div>\n                                                        <\/a>\n\n                        <\/div>\n                                            <div class=\"brand__item col d-flex align-items-center justify-content-start\">\n                            <a href=\"https:\/\/autokunz.ch\/it\/autos\/#filter=%7B%22brand%22%3A%5B%22ford%22%5D%7D\"\n                                                            class=\"brand__link link--no-style my-3 d-flex align-items-center justify-content-center\">\n                                <div class=\"brand__image\"\n                                     style=\"background-image: url('https:\/\/autokunz.ch\/app\/uploads\/2019\/09\/ford-auto-kunz-ag.svg');\">&nbsp;\n                                <\/div>\n                                                        <\/a>\n\n                        <\/div>\n                                            <div class=\"brand__item col d-flex align-items-center justify-content-start\">\n                            <a href=\"https:\/\/autokunz.ch\/it\/autos\/#filter=%7B%22brand%22%3A%5B%22hyundai%22%5D%7D\"\n                                                            class=\"brand__link link--no-style my-3 d-flex align-items-center justify-content-center\">\n                                <div class=\"brand__image\"\n                                     style=\"background-image: url('https:\/\/autokunz.ch\/app\/uploads\/2019\/08\/hyundai-auto-kunz-ag.svg');\">&nbsp;\n                                <\/div>\n                                                        <\/a>\n\n                        <\/div>\n                                            <div class=\"brand__item col d-flex align-items-center justify-content-start\">\n                            <a href=\"https:\/\/autokunz.ch\/it\/autos\/#filter=%7B%22brand%22%3A%5B%22jac%22%5D%7D\"\n                                                            class=\"brand__link link--no-style my-3 d-flex align-items-center justify-content-center\">\n                                <div class=\"brand__image\"\n                                     style=\"background-image: url('https:\/\/autokunz.ch\/app\/uploads\/2023\/01\/JAC-Logo_blau.png');\">&nbsp;\n                                <\/div>\n                                                        <\/a>\n\n                        <\/div>\n                                            <div class=\"brand__item col d-flex align-items-center justify-content-start\">\n                            <a href=\"https:\/\/autokunz.ch\/it\/autos\/#filter=%7B%22brand%22%3A%5B%22jaguar%22%5D%7D\"\n                                                            class=\"brand__link link--no-style my-3 d-flex align-items-center justify-content-center\">\n                                <div class=\"brand__image\"\n                                     style=\"background-image: url('https:\/\/autokunz.ch\/app\/uploads\/2019\/09\/jaguar-auto-kunz-ag.svg');\">&nbsp;\n                                <\/div>\n                                                        <\/a>\n\n                        <\/div>\n                                            <div class=\"brand__item col d-flex align-items-center justify-content-start\">\n                            <a href=\"https:\/\/autokunz.ch\/it\/autos\/#filter=%7B%22brand%22%3A%5B%22jeep%22%5D%7D\"\n                                                            class=\"brand__link link--no-style my-3 d-flex align-items-center justify-content-center\">\n                                <div class=\"brand__image\"\n                                     style=\"background-image: url('https:\/\/autokunz.ch\/app\/uploads\/2019\/09\/jeep-auto-kunz-ag.svg');\">&nbsp;\n                                <\/div>\n                                                        <\/a>\n\n                        <\/div>\n                                            <div class=\"brand__item col d-flex align-items-center justify-content-start\">\n                            <a href=\"https:\/\/autokunz.ch\/it\/autos\/#filter=%7B%22brand%22%3A%5B%22kia%22%5D%7D\"\n                                                            class=\"brand__link link--no-style my-3 d-flex align-items-center justify-content-center\">\n                                <div class=\"brand__image\"\n                                     style=\"background-image: url('https:\/\/autokunz.ch\/app\/uploads\/2023\/03\/Kia_2023.png');\">&nbsp;\n                                <\/div>\n                                                        <\/a>\n\n                        <\/div>\n                                            <div class=\"brand__item col d-flex align-items-center justify-content-start\">\n                            <a href=\"https:\/\/autokunz.ch\/it\/autos\/#filter=%7B%22brand%22%3A%5B%22lancia%22%5D%7D\"\n                                                            class=\"brand__link link--no-style my-3 d-flex align-items-center justify-content-center\">\n                                <div class=\"brand__image\"\n                                     style=\"background-image: url('https:\/\/autokunz.ch\/app\/uploads\/2019\/09\/lancia-auto-kunz-ag.svg');\">&nbsp;\n                                <\/div>\n                                                        <\/a>\n\n                        <\/div>\n                                            <div class=\"brand__item col d-flex align-items-center justify-content-start\">\n                            <a href=\"https:\/\/autokunz.ch\/it\/autos\/#filter=%7B%22brand%22%3A%5B%22land-rover%22%5D%7D\"\n                                                            class=\"brand__link link--no-style my-3 d-flex align-items-center justify-content-center\">\n                                <div class=\"brand__image\"\n                                     style=\"background-image: url('https:\/\/autokunz.ch\/app\/uploads\/2019\/09\/land-rover-auto-kunz-ag.svg');\">&nbsp;\n                                <\/div>\n                                                        <\/a>\n\n                        <\/div>\n                                            <div class=\"brand__item col d-flex align-items-center justify-content-start\">\n                            <a href=\"https:\/\/autokunz.ch\/it\/autos\/#filter=%7B%22brand%22%3A%5B%22mazda%22%5D%7D\"\n                                                            class=\"brand__link link--no-style my-3 d-flex align-items-center justify-content-center\">\n                                <div class=\"brand__image\"\n                                     style=\"background-image: url('https:\/\/autokunz.ch\/app\/uploads\/2019\/08\/mazda-auto-kunz-ag.svg');\">&nbsp;\n                                <\/div>\n                                                        <\/a>\n\n                        <\/div>\n                                            <div class=\"brand__item col d-flex align-items-center justify-content-start\">\n                            <a href=\"https:\/\/autokunz.ch\/it\/autos\/#filter=%7B%22brand%22%3A%5B%22mercedes-benz%22%5D%7D\"\n                                                            class=\"brand__link link--no-style my-3 d-flex align-items-center justify-content-center\">\n                                <div class=\"brand__image\"\n                                     style=\"background-image: url('https:\/\/autokunz.ch\/app\/uploads\/2019\/08\/mercedes-benz-auto-kunz-ag.svg');\">&nbsp;\n                                <\/div>\n                                                        <\/a>\n\n                        <\/div>\n                                            <div class=\"brand__item col d-flex align-items-center justify-content-start\">\n                            <a href=\"https:\/\/autokunz.ch\/it\/autos\/#filter=%7B%22brand%22%3A%5B%22mg%22%5D%7D\"\n                                                           class=\"brand__link link--color-primary m-3 d-flex align-items-center justify-content-center\">\n                                <p class=\"brand__name mb-0 text-center\">MG<\/p>\n                                                        <\/a>\n\n                        <\/div>\n                                            <div class=\"brand__item col d-flex align-items-center justify-content-start\">\n                            <a href=\"https:\/\/autokunz.ch\/it\/autos\/#filter=%7B%22brand%22%3A%5B%22opel%22%5D%7D\"\n                                                            class=\"brand__link link--no-style my-3 d-flex align-items-center justify-content-center\">\n                                <div class=\"brand__image\"\n                                     style=\"background-image: url('https:\/\/autokunz.ch\/app\/uploads\/2019\/08\/opel-auto-kunz-ag-3.svg');\">&nbsp;\n                                <\/div>\n                                                        <\/a>\n\n                        <\/div>\n                                            <div class=\"brand__item col d-flex align-items-center justify-content-start\">\n                            <a href=\"https:\/\/autokunz.ch\/it\/autos\/#filter=%7B%22brand%22%3A%5B%22peugeot%22%5D%7D\"\n                                                            class=\"brand__link link--no-style my-3 d-flex align-items-center justify-content-center\">\n                                <div class=\"brand__image\"\n                                     style=\"background-image: url('https:\/\/autokunz.ch\/app\/uploads\/2023\/03\/Peugeot_2023.png');\">&nbsp;\n                                <\/div>\n                                                        <\/a>\n\n                        <\/div>\n                                            <div class=\"brand__item col d-flex align-items-center justify-content-start\">\n                            <a href=\"https:\/\/autokunz.ch\/it\/autos\/#filter=%7B%22brand%22%3A%5B%22polestar%22%5D%7D\"\n                                                           class=\"brand__link link--color-primary m-3 d-flex align-items-center justify-content-center\">\n                                <p class=\"brand__name mb-0 text-center\">POLESTAR<\/p>\n                                                        <\/a>\n\n                        <\/div>\n                                            <div class=\"brand__item col d-flex align-items-center justify-content-start\">\n                            <a href=\"https:\/\/autokunz.ch\/it\/autos\/#filter=%7B%22brand%22%3A%5B%22porsche%22%5D%7D\"\n                                                            class=\"brand__link link--no-style my-3 d-flex align-items-center justify-content-center\">\n                                <div class=\"brand__image\"\n                                     style=\"background-image: url('https:\/\/autokunz.ch\/app\/uploads\/2019\/09\/porsche-kunz-ag.svg');\">&nbsp;\n                                <\/div>\n                                                        <\/a>\n\n                        <\/div>\n                                            <div class=\"brand__item col d-flex align-items-center justify-content-start\">\n                            <a href=\"https:\/\/autokunz.ch\/it\/autos\/#filter=%7B%22brand%22%3A%5B%22renault%22%5D%7D\"\n                                                            class=\"brand__link link--no-style my-3 d-flex align-items-center justify-content-center\">\n                                <div class=\"brand__image\"\n                                     style=\"background-image: url('https:\/\/autokunz.ch\/app\/uploads\/2023\/03\/Renault_2023.png');\">&nbsp;\n                                <\/div>\n                                                        <\/a>\n\n                        <\/div>\n                                            <div class=\"brand__item col d-flex align-items-center justify-content-start\">\n                            <a href=\"https:\/\/autokunz.ch\/it\/autos\/#filter=%7B%22brand%22%3A%5B%22seat%22%5D%7D\"\n                                                            class=\"brand__link link--no-style my-3 d-flex align-items-center justify-content-center\">\n                                <div class=\"brand__image\"\n                                     style=\"background-image: url('https:\/\/autokunz.ch\/app\/uploads\/2019\/08\/seat-auto-kunz-ag.svg');\">&nbsp;\n                                <\/div>\n                                                        <\/a>\n\n                        <\/div>\n                                            <div class=\"brand__item col d-flex align-items-center justify-content-start\">\n                            <a href=\"https:\/\/autokunz.ch\/it\/autos\/#filter=%7B%22brand%22%3A%5B%22skoda%22%5D%7D\"\n                                                            class=\"brand__link link--no-style my-3 d-flex align-items-center justify-content-center\">\n                                <div class=\"brand__image\"\n                                     style=\"background-image: url('https:\/\/autokunz.ch\/app\/uploads\/2019\/09\/skoda-auto-kunz-ag-2.svg');\">&nbsp;\n                                <\/div>\n                                                        <\/a>\n\n                        <\/div>\n                                            <div class=\"brand__item col d-flex align-items-center justify-content-start\">\n                            <a href=\"https:\/\/autokunz.ch\/it\/autos\/#filter=%7B%22brand%22%3A%5B%22suzuki%22%5D%7D\"\n                                                            class=\"brand__link link--no-style my-3 d-flex align-items-center justify-content-center\">\n                                <div class=\"brand__image\"\n                                     style=\"background-image: url('https:\/\/autokunz.ch\/app\/uploads\/2019\/09\/suzuki-auto-kunz-ag.svg');\">&nbsp;\n                                <\/div>\n                                                        <\/a>\n\n                        <\/div>\n                                            <div class=\"brand__item col d-flex align-items-center justify-content-start\">\n                            <a href=\"https:\/\/autokunz.ch\/it\/autos\/#filter=%7B%22brand%22%3A%5B%22tesla%22%5D%7D\"\n                                                            class=\"brand__link link--no-style my-3 d-flex align-items-center justify-content-center\">\n                                <div class=\"brand__image\"\n                                     style=\"background-image: url('https:\/\/autokunz.ch\/app\/uploads\/2019\/09\/tesla-auto-kunz-ag.svg');\">&nbsp;\n                                <\/div>\n                                                        <\/a>\n\n                        <\/div>\n                                            <div class=\"brand__item col d-flex align-items-center justify-content-start\">\n                            <a href=\"https:\/\/autokunz.ch\/it\/autos\/#filter=%7B%22brand%22%3A%5B%22toyota%22%5D%7D\"\n                                                            class=\"brand__link link--no-style my-3 d-flex align-items-center justify-content-center\">\n                                <div class=\"brand__image\"\n                                     style=\"background-image: url('https:\/\/autokunz.ch\/app\/uploads\/2019\/09\/toyota-davidson-kunz-ag.svg');\">&nbsp;\n                                <\/div>\n                                                        <\/a>\n\n                        <\/div>\n                                            <div class=\"brand__item col d-flex align-items-center justify-content-start\">\n                            <a href=\"https:\/\/autokunz.ch\/it\/autos\/#filter=%7B%22brand%22%3A%5B%22volvo%22%5D%7D\"\n                                                            class=\"brand__link link--no-style my-3 d-flex align-items-center justify-content-center\">\n                                <div class=\"brand__image\"\n                                     style=\"background-image: url('https:\/\/autokunz.ch\/app\/uploads\/2019\/08\/volvo-auto-kunz-ag.svg');\">&nbsp;\n                                <\/div>\n                                                        <\/a>\n\n                        <\/div>\n                                            <div class=\"brand__item col d-flex align-items-center justify-content-start\">\n                            <a href=\"https:\/\/autokunz.ch\/it\/autos\/#filter=%7B%22brand%22%3A%5B%22vw%22%5D%7D\"\n                                                            class=\"brand__link link--no-style my-3 d-flex align-items-center justify-content-center\">\n                                <div class=\"brand__image\"\n                                     style=\"background-image: url('https:\/\/autokunz.ch\/app\/uploads\/2023\/03\/VW_2023.png');\">&nbsp;\n                                <\/div>\n                                                        <\/a>\n\n                        <\/div>\n                                <\/div>\n        <\/div>\n    <\/div>\n<\/div>","protected":false},"excerpt":{"rendered":"<p>Acquisti una nuova Auto al miglior prezzo di tutta la Svizzera! Il garage Auto Kunz AG a Wohlen \u00e8 uno dei maggiori importatori indipendenti di auto della Svizzera. Siamo un partner affidabile per l&#8217;acquisto di auto, sia nuove che usate. Da noi trova anche offerte interessanti per leasing e occasioni. Su richiesta siamo lieti di &hellip; <a class=\"text-button text-button--primary text-button--no-arrow\" href=\"https:\/\/autokunz.ch\/it\/autos-2\/\">continua<\/a><\/p>\n","protected":false},"author":1,"featured_media":3965976,"parent":0,"menu_order":0,"comment_status":"closed","ping_status":"closed","template":"views\/template-companies.blade.php","meta":{"_acf_changed":false,"footnotes":""},"class_list":["post-44584","page","type-page","status-publish","has-post-thumbnail","hentry"],"acf":[],"yoast_head":"<!-- This site is optimized with the Yoast SEO plugin v27.0 - https:\/\/yoast.com\/product\/yoast-seo-wordpress\/ -->\n<title>Ein neues Auto - zu den schweizweit tiefsten Preisen! - Auto Kunz Wohlen<\/title>\n<meta name=\"description\" content=\"Die Garage Auto Kunz AG in Wohlen ist einer der gr\u00f6ssten unabh\u00e4ngigen Autoimporteure in der Schweiz. Bei uns finden Sie die schweizweit tiefsten Preisen.\" \/>\n<meta name=\"robots\" content=\"index, follow, max-snippet:-1, max-image-preview:large, max-video-preview:-1\" \/>\n<link rel=\"canonical\" href=\"https:\/\/autokunz.ch\/it\/autos-2\/\" \/>\n<meta property=\"og:locale\" content=\"it_IT\" \/>\n<meta property=\"og:type\" content=\"article\" \/>\n<meta property=\"og:title\" content=\"Ein neues Auto - zu den schweizweit tiefsten Preisen! - Auto Kunz Wohlen\" \/>\n<meta property=\"og:description\" content=\"Die Garage Auto Kunz AG in Wohlen ist einer der gr\u00f6ssten unabh\u00e4ngigen Autoimporteure in der Schweiz. Bei uns finden Sie die schweizweit tiefsten Preisen.\" \/>\n<meta property=\"og:url\" content=\"https:\/\/autokunz.ch\/it\/autos-2\/\" \/>\n<meta property=\"og:site_name\" content=\"Auto Kunz\" \/>\n<meta property=\"article:publisher\" content=\"https:\/\/www.facebook.com\/AutoKunzAG\" \/>\n<meta property=\"article:modified_time\" content=\"2025-01-17T16:24:39+00:00\" \/>\n<meta property=\"og:image\" content=\"https:\/\/autokunz.ch\/app\/uploads\/2023\/02\/IKA0068_DxO.jpg\" \/>\n\t<meta property=\"og:image:width\" content=\"1920\" \/>\n\t<meta property=\"og:image:height\" content=\"1280\" \/>\n\t<meta property=\"og:image:type\" content=\"image\/jpeg\" \/>\n<meta name=\"twitter:card\" content=\"summary_large_image\" \/>\n<meta name=\"twitter:site\" content=\"@autokunzag\" \/>\n<meta name=\"twitter:label1\" content=\"Est. reading time\" \/>\n\t<meta name=\"twitter:data1\" content=\"6 minutes\" \/>\n<script type=\"application\/ld+json\" class=\"yoast-schema-graph\">{\"@context\":\"https:\/\/schema.org\",\"@graph\":[{\"@type\":\"WebPage\",\"@id\":\"https:\/\/autokunz.ch\/it\/autos-2\/\",\"url\":\"https:\/\/autokunz.ch\/it\/autos-2\/\",\"name\":\"Ein neues Auto - zu den schweizweit tiefsten Preisen! - Auto Kunz Wohlen\",\"isPartOf\":{\"@id\":\"https:\/\/autokunz.ch\/#website\"},\"primaryImageOfPage\":{\"@id\":\"https:\/\/autokunz.ch\/it\/autos-2\/#primaryimage\"},\"image\":{\"@id\":\"https:\/\/autokunz.ch\/it\/autos-2\/#primaryimage\"},\"thumbnailUrl\":\"https:\/\/autokunz.ch\/app\/uploads\/2023\/02\/IKA0068_DxO.jpg\",\"datePublished\":\"2019-06-21T12:22:29+00:00\",\"dateModified\":\"2025-01-17T16:24:39+00:00\",\"description\":\"Die Garage Auto Kunz AG in Wohlen ist einer der gr\u00f6ssten unabh\u00e4ngigen Autoimporteure in der Schweiz. Bei uns finden Sie die schweizweit tiefsten Preisen.\",\"breadcrumb\":{\"@id\":\"https:\/\/autokunz.ch\/it\/autos-2\/#breadcrumb\"},\"inLanguage\":\"it-IT\",\"potentialAction\":[{\"@type\":\"ReadAction\",\"target\":[\"https:\/\/autokunz.ch\/it\/autos-2\/\"]}]},{\"@type\":\"ImageObject\",\"inLanguage\":\"it-IT\",\"@id\":\"https:\/\/autokunz.ch\/it\/autos-2\/#primaryimage\",\"url\":\"https:\/\/autokunz.ch\/app\/uploads\/2023\/02\/IKA0068_DxO.jpg\",\"contentUrl\":\"https:\/\/autokunz.ch\/app\/uploads\/2023\/02\/IKA0068_DxO.jpg\",\"width\":1920,\"height\":1280,\"caption\":\"Auto - Auto Kunz AG mit den schweizweit tiefsten Preisen 19\"},{\"@type\":\"BreadcrumbList\",\"@id\":\"https:\/\/autokunz.ch\/it\/autos-2\/#breadcrumb\",\"itemListElement\":[{\"@type\":\"ListItem\",\"position\":1,\"name\":\"Home\",\"item\":\"https:\/\/autokunz.ch\/it\/\"},{\"@type\":\"ListItem\",\"position\":2,\"name\":\"Auto\"}]},{\"@type\":\"WebSite\",\"@id\":\"https:\/\/autokunz.ch\/#website\",\"url\":\"https:\/\/autokunz.ch\/\",\"name\":\"Auto Kunz\",\"description\":\"\u00dcber 500 Autos, die tiefsten Preise der Schweiz\",\"publisher\":{\"@id\":\"https:\/\/autokunz.ch\/#organization\"},\"potentialAction\":[{\"@type\":\"SearchAction\",\"target\":{\"@type\":\"EntryPoint\",\"urlTemplate\":\"https:\/\/autokunz.ch\/?s={search_term_string}\"},\"query-input\":{\"@type\":\"PropertyValueSpecification\",\"valueRequired\":true,\"valueName\":\"search_term_string\"}}],\"inLanguage\":\"it-IT\"},{\"@type\":\"Organization\",\"@id\":\"https:\/\/autokunz.ch\/#organization\",\"name\":\"Auto Kunz AG\",\"url\":\"https:\/\/autokunz.ch\/\",\"logo\":{\"@type\":\"ImageObject\",\"inLanguage\":\"it-IT\",\"@id\":\"https:\/\/autokunz.ch\/#\/schema\/logo\/image\/\",\"url\":\"https:\/\/autokunz.ch\/app\/uploads\/2021\/07\/autokunz-ag-wohlen-logo.png\",\"contentUrl\":\"https:\/\/autokunz.ch\/app\/uploads\/2021\/07\/autokunz-ag-wohlen-logo.png\",\"width\":530,\"height\":79,\"caption\":\"Auto Kunz AG\"},\"image\":{\"@id\":\"https:\/\/autokunz.ch\/#\/schema\/logo\/image\/\"},\"sameAs\":[\"https:\/\/www.facebook.com\/AutoKunzAG\",\"https:\/\/x.com\/autokunzag\",\"https:\/\/www.instagram.com\/autokunz.ch\/\",\"https:\/\/www.linkedin.com\/company\/9463486?trk=tyah&amp;amp;amp;trkInfo=clickedVertical:company,idx:1-1-1,tarId:1434043483672,tas:auto kunz\",\"https:\/\/www.pinterest.com\/autokunzag\/\",\"https:\/\/www.youtube.com\/channel\/UCsS22A2abuuzGxbmhsPm-6g\"]}]}<\/script>\n<!-- \/ Yoast SEO plugin. -->","yoast_head_json":{"title":"Ein neues Auto - zu den schweizweit tiefsten Preisen! - Auto Kunz Wohlen","description":"Die Garage Auto Kunz AG in Wohlen ist einer der gr\u00f6ssten unabh\u00e4ngigen Autoimporteure in der Schweiz. Bei uns finden Sie die schweizweit tiefsten Preisen.","robots":{"index":"index","follow":"follow","max-snippet":"max-snippet:-1","max-image-preview":"max-image-preview:large","max-video-preview":"max-video-preview:-1"},"canonical":"https:\/\/autokunz.ch\/it\/autos-2\/","og_locale":"it_IT","og_type":"article","og_title":"Ein neues Auto - zu den schweizweit tiefsten Preisen! - Auto Kunz Wohlen","og_description":"Die Garage Auto Kunz AG in Wohlen ist einer der gr\u00f6ssten unabh\u00e4ngigen Autoimporteure in der Schweiz. Bei uns finden Sie die schweizweit tiefsten Preisen.","og_url":"https:\/\/autokunz.ch\/it\/autos-2\/","og_site_name":"Auto Kunz","article_publisher":"https:\/\/www.facebook.com\/AutoKunzAG","article_modified_time":"2025-01-17T16:24:39+00:00","og_image":[{"width":1920,"height":1280,"url":"https:\/\/autokunz.ch\/app\/uploads\/2023\/02\/IKA0068_DxO.jpg","type":"image\/jpeg"}],"twitter_card":"summary_large_image","twitter_site":"@autokunzag","twitter_misc":{"Est. reading time":"6 minutes"},"schema":{"@context":"https:\/\/schema.org","@graph":[{"@type":"WebPage","@id":"https:\/\/autokunz.ch\/it\/autos-2\/","url":"https:\/\/autokunz.ch\/it\/autos-2\/","name":"Ein neues Auto - zu den schweizweit tiefsten Preisen! - Auto Kunz Wohlen","isPartOf":{"@id":"https:\/\/autokunz.ch\/#website"},"primaryImageOfPage":{"@id":"https:\/\/autokunz.ch\/it\/autos-2\/#primaryimage"},"image":{"@id":"https:\/\/autokunz.ch\/it\/autos-2\/#primaryimage"},"thumbnailUrl":"https:\/\/autokunz.ch\/app\/uploads\/2023\/02\/IKA0068_DxO.jpg","datePublished":"2019-06-21T12:22:29+00:00","dateModified":"2025-01-17T16:24:39+00:00","description":"Die Garage Auto Kunz AG in Wohlen ist einer der gr\u00f6ssten unabh\u00e4ngigen Autoimporteure in der Schweiz. Bei uns finden Sie die schweizweit tiefsten Preisen.","breadcrumb":{"@id":"https:\/\/autokunz.ch\/it\/autos-2\/#breadcrumb"},"inLanguage":"it-IT","potentialAction":[{"@type":"ReadAction","target":["https:\/\/autokunz.ch\/it\/autos-2\/"]}]},{"@type":"ImageObject","inLanguage":"it-IT","@id":"https:\/\/autokunz.ch\/it\/autos-2\/#primaryimage","url":"https:\/\/autokunz.ch\/app\/uploads\/2023\/02\/IKA0068_DxO.jpg","contentUrl":"https:\/\/autokunz.ch\/app\/uploads\/2023\/02\/IKA0068_DxO.jpg","width":1920,"height":1280,"caption":"Auto - Auto Kunz AG mit den schweizweit tiefsten Preisen 19"},{"@type":"BreadcrumbList","@id":"https:\/\/autokunz.ch\/it\/autos-2\/#breadcrumb","itemListElement":[{"@type":"ListItem","position":1,"name":"Home","item":"https:\/\/autokunz.ch\/it\/"},{"@type":"ListItem","position":2,"name":"Auto"}]},{"@type":"WebSite","@id":"https:\/\/autokunz.ch\/#website","url":"https:\/\/autokunz.ch\/","name":"Auto Kunz","description":"\u00dcber 500 Autos, die tiefsten Preise der Schweiz","publisher":{"@id":"https:\/\/autokunz.ch\/#organization"},"potentialAction":[{"@type":"SearchAction","target":{"@type":"EntryPoint","urlTemplate":"https:\/\/autokunz.ch\/?s={search_term_string}"},"query-input":{"@type":"PropertyValueSpecification","valueRequired":true,"valueName":"search_term_string"}}],"inLanguage":"it-IT"},{"@type":"Organization","@id":"https:\/\/autokunz.ch\/#organization","name":"Auto Kunz AG","url":"https:\/\/autokunz.ch\/","logo":{"@type":"ImageObject","inLanguage":"it-IT","@id":"https:\/\/autokunz.ch\/#\/schema\/logo\/image\/","url":"https:\/\/autokunz.ch\/app\/uploads\/2021\/07\/autokunz-ag-wohlen-logo.png","contentUrl":"https:\/\/autokunz.ch\/app\/uploads\/2021\/07\/autokunz-ag-wohlen-logo.png","width":530,"height":79,"caption":"Auto Kunz AG"},"image":{"@id":"https:\/\/autokunz.ch\/#\/schema\/logo\/image\/"},"sameAs":["https:\/\/www.facebook.com\/AutoKunzAG","https:\/\/x.com\/autokunzag","https:\/\/www.instagram.com\/autokunz.ch\/","https:\/\/www.linkedin.com\/company\/9463486?trk=tyah&amp;amp;amp;trkInfo=clickedVertical:company,idx:1-1-1,tarId:1434043483672,tas:auto kunz","https:\/\/www.pinterest.com\/autokunzag\/","https:\/\/www.youtube.com\/channel\/UCsS22A2abuuzGxbmhsPm-6g"]}]}},"_links":{"self":[{"href":"https:\/\/autokunz.ch\/it\/wp-json\/wp\/v2\/pages\/44584","targetHints":{"allow":["GET"]}}],"collection":[{"href":"https:\/\/autokunz.ch\/it\/wp-json\/wp\/v2\/pages"}],"about":[{"href":"https:\/\/autokunz.ch\/it\/wp-json\/wp\/v2\/types\/page"}],"author":[{"embeddable":true,"href":"https:\/\/autokunz.ch\/it\/wp-json\/wp\/v2\/users\/1"}],"replies":[{"embeddable":true,"href":"https:\/\/autokunz.ch\/it\/wp-json\/wp\/v2\/comments?post=44584"}],"version-history":[{"count":3,"href":"https:\/\/autokunz.ch\/it\/wp-json\/wp\/v2\/pages\/44584\/revisions"}],"predecessor-version":[{"id":5260739,"href":"https:\/\/autokunz.ch\/it\/wp-json\/wp\/v2\/pages\/44584\/revisions\/5260739"}],"wp:featuredmedia":[{"embeddable":true,"href":"https:\/\/autokunz.ch\/it\/wp-json\/wp\/v2\/media\/3965976"}],"wp:attachment":[{"href":"https:\/\/autokunz.ch\/it\/wp-json\/wp\/v2\/media?parent=44584"}],"curies":[{"name":"wp","href":"https:\/\/api.w.org\/{rel}","templated":true}]}}